{"id":2155,"date":"2024-03-14T13:21:26","date_gmt":"2024-03-14T13:21:26","guid":{"rendered":"https:\/\/www.engagement.fr\/?page_id=2155"},"modified":"2024-10-23T11:46:58","modified_gmt":"2024-10-23T11:46:58","slug":"our-news","status":"publish","type":"page","link":"https:\/\/www.engagement.fr\/en\/nos-actualites\/","title":{"rendered":"Our news"},"content":{"rendered":"<div data-elementor-type=\"wp-page\" data-elementor-id=\"2155\" class=\"elementor elementor-2155\" data-elementor-post-type=\"page\">\n\t\t\t\t<div class=\"elementor-element elementor-element-4c68685 e-con-full elementor-hidden-desktop elementor-hidden-tablet elementor-hidden-mobile e-flex e-con e-parent\" data-id=\"4c68685\" data-element_type=\"container\" data-e-type=\"container\" data-settings=\"{&quot;background_background&quot;:&quot;classic&quot;,&quot;background_motion_fx_motion_fx_mouse&quot;:&quot;yes&quot;,&quot;background_motion_fx_mouseTrack_effect&quot;:&quot;yes&quot;,&quot;background_motion_fx_mouseTrack_speed&quot;:{&quot;unit&quot;:&quot;px&quot;,&quot;size&quot;:1,&quot;sizes&quot;:[]}}\">\n\t\t<div class=\"elementor-element elementor-element-deff90a e-con-full e-flex e-con e-child\" data-id=\"deff90a\" data-element_type=\"container\" data-e-type=\"container\" data-settings=\"{&quot;background_background&quot;:&quot;classic&quot;}\">\n\t\t<div class=\"elementor-element elementor-element-b1a7884 e-con-full e-flex e-con e-child\" data-id=\"b1a7884\" data-element_type=\"container\" data-e-type=\"container\">\n\t\t\t\t<div class=\"elementor-element elementor-element-632fcf5 elementor-widget elementor-widget-heading\" data-id=\"632fcf5\" data-element_type=\"widget\" data-e-type=\"widget\" data-widget_type=\"heading.default\">\n\t\t\t\t<div class=\"elementor-widget-container\">\n\t\t\t\t\t<h1 class=\"elementor-heading-title elementor-size-default\">Our agenda<\/h1>\t\t\t\t<\/div>\n\t\t\t\t<\/div>\n\t\t<div class=\"elementor-element elementor-element-321f645 e-flex e-con-boxed e-con e-child\" data-id=\"321f645\" data-element_type=\"container\" data-e-type=\"container\">\n\t\t\t\t\t<div class=\"e-con-inner\">\n\t\t\t\t<div class=\"elementor-element elementor-element-02060ea elementor-widget elementor-widget-text-editor\" data-id=\"02060ea\" data-element_type=\"widget\" data-e-type=\"widget\" data-widget_type=\"text-editor.default\">\n\t\t\t\t<div class=\"elementor-widget-container\">\n\t\t\t\t\t\t\t\t\t<p>Find out about upcoming events organised by the Institut de l'Engagement. From inspiring meetings to enriching workshops, our calendar is full of opportunities to get involved, learn and exchange with our community.\u00a0<\/p>\t\t\t\t\t\t\t\t<\/div>\n\t\t\t\t<\/div>\n\t\t\t\t\t<\/div>\n\t\t\t\t<\/div>\n\t\t\t\t<div class=\"elementor-element elementor-element-66a5262 elementor-widget elementor-widget-the-events-calendar-addon\" data-id=\"66a5262\" data-element_type=\"widget\" data-e-type=\"widget\" data-widget_type=\"the-events-calendar-addon.default\">\n\t\t\t\t<div class=\"elementor-widget-container\">\n\t\t\t\t\t<!=========Events list Template 1.7.3=========><div id=\"ectbe-wrapper-66a5262\" class=\"ectbe-wrapper ectbe-list-wrapper style-2\"><h3>There is no Event<\/h3><\/div>\t\t\t\t<\/div>\n\t\t\t\t<\/div>\n\t\t\t\t<\/div>\n\t\t\t\t<\/div>\n\t\t\t\t<\/div>\n\t\t<div class=\"elementor-element elementor-element-6e8efce e-con-full e-flex e-con e-parent\" data-id=\"6e8efce\" data-element_type=\"container\" data-e-type=\"container\" data-settings=\"{&quot;background_background&quot;:&quot;classic&quot;}\">\n\t\t\t\t<div class=\"elementor-element elementor-element-0972c68 elementor-widget elementor-widget-heading\" data-id=\"0972c68\" data-element_type=\"widget\" data-e-type=\"widget\" data-widget_type=\"heading.default\">\n\t\t\t\t<div class=\"elementor-widget-container\">\n\t\t\t\t\t<h1 class=\"elementor-heading-title elementor-size-default\">Our news<\/h1>\t\t\t\t<\/div>\n\t\t\t\t<\/div>\n\t\t\t\t<div class=\"elementor-element elementor-element-2d83b8b elementor-grid-2 elementor-grid-tablet-2 elementor-grid-mobile-1 elementor-posts--thumbnail-top elementor-widget elementor-widget-posts\" data-id=\"2d83b8b\" data-element_type=\"widget\" data-e-type=\"widget\" data-settings=\"{&quot;classic_columns&quot;:&quot;2&quot;,&quot;classic_row_gap&quot;:{&quot;unit&quot;:&quot;px&quot;,&quot;size&quot;:50,&quot;sizes&quot;:[]},&quot;pagination_type&quot;:&quot;numbers_and_prev_next&quot;,&quot;classic_columns_tablet&quot;:&quot;2&quot;,&quot;classic_columns_mobile&quot;:&quot;1&quot;,&quot;classic_row_gap_tablet&quot;:{&quot;unit&quot;:&quot;px&quot;,&quot;size&quot;:&quot;&quot;,&quot;sizes&quot;:[]},&quot;classic_row_gap_mobile&quot;:{&quot;unit&quot;:&quot;px&quot;,&quot;size&quot;:&quot;&quot;,&quot;sizes&quot;:[]}}\" data-widget_type=\"posts.classic\">\n\t\t\t\t<div class=\"elementor-widget-container\">\n\t\t\t\t\t\t\t<div class=\"elementor-posts-container elementor-posts elementor-posts--skin-classic elementor-grid\" role=\"list\">\n\t\t\t\t<article class=\"elementor-post elementor-grid-item post-16673 post type-post status-publish format-standard has-post-thumbnail hentry category-uncategorized\" role=\"listitem\">\n\t\t\t\t<a class=\"elementor-post__thumbnail__link\" href=\"https:\/\/www.engagement.fr\/en\/des-laureats-preparent-leurs-entretiens-avec-colombus-consulting\/\" tabindex=\"-1\" >\n\t\t\t<div class=\"elementor-post__thumbnail\"><img fetchpriority=\"high\" decoding=\"async\" width=\"1200\" height=\"1600\" src=\"https:\/\/www.engagement.fr\/wp-content\/uploads\/2026\/04\/IMG-20260415-WA0005-2.jpg\" class=\"attachment-full size-full wp-image-16676\" alt=\"\" srcset=\"https:\/\/www.engagement.fr\/wp-content\/uploads\/2026\/04\/IMG-20260415-WA0005-2.jpg 1200w, https:\/\/www.engagement.fr\/wp-content\/uploads\/2026\/04\/IMG-20260415-WA0005-2-225x300.jpg 225w, https:\/\/www.engagement.fr\/wp-content\/uploads\/2026\/04\/IMG-20260415-WA0005-2-768x1024.jpg 768w, https:\/\/www.engagement.fr\/wp-content\/uploads\/2026\/04\/IMG-20260415-WA0005-2-1152x1536.jpg 1152w, https:\/\/www.engagement.fr\/wp-content\/uploads\/2026\/04\/IMG-20260415-WA0005-2-9x12.jpg 9w\" sizes=\"(max-width: 1200px) 100vw, 1200px\" \/><\/div>\n\t\t<\/a>\n\t\t\t\t<div class=\"elementor-post__text\">\n\t\t\t\t<h3 class=\"elementor-post__title\">\n\t\t\t<a href=\"https:\/\/www.engagement.fr\/en\/des-laureats-preparent-leurs-entretiens-avec-colombus-consulting\/\" >\n\t\t\t\tLaureates are preparing their interviews with Colombus Consulting.\t\t\t<\/a>\n\t\t<\/h3>\n\t\t\t\t<div class=\"elementor-post__meta-data\">\n\t\t\t\t\t<span class=\"elementor-post-date\">\n\t\t\t16 April 2026\t\t<\/span>\n\t\t\t\t<\/div>\n\t\t\t\t<div class=\"elementor-post__excerpt\">\n\t\t\t<p>Thank you to our partner Colombus Consulting for hosting this workshop.<\/p>\n\t\t<\/div>\n\t\t\t\t\t<div class=\"elementor-post__read-more-wrapper\">\n\t\t\n\t\t<a class=\"elementor-post__read-more\" href=\"https:\/\/www.engagement.fr\/en\/des-laureats-preparent-leurs-entretiens-avec-colombus-consulting\/\" aria-label=\"Read more about Des laur\u00e9ats pr\u00e9parent leurs entretiens avec Colombus Consulting\u200b\" tabindex=\"-1\" >\n\t\t\tRead more\t\t<\/a>\n\n\t\t\t\t\t<\/div>\n\t\t\t\t<\/div>\n\t\t\t\t<\/article>\n\t\t\t\t<article class=\"elementor-post elementor-grid-item post-16660 post type-post status-publish format-standard has-post-thumbnail hentry category-uncategorized\" role=\"listitem\">\n\t\t\t\t<a class=\"elementor-post__thumbnail__link\" href=\"https:\/\/www.engagement.fr\/en\/des-laureats-passent-le-mbti-avec-colombus-consulting\/\" tabindex=\"-1\" >\n\t\t\t<div class=\"elementor-post__thumbnail\"><img decoding=\"async\" width=\"1920\" height=\"2560\" src=\"https:\/\/www.engagement.fr\/wp-content\/uploads\/2026\/04\/IMG_20260409_142955-scaled.jpg\" class=\"attachment-full size-full wp-image-16661\" alt=\"\" srcset=\"https:\/\/www.engagement.fr\/wp-content\/uploads\/2026\/04\/IMG_20260409_142955-scaled.jpg 1920w, https:\/\/www.engagement.fr\/wp-content\/uploads\/2026\/04\/IMG_20260409_142955-225x300.jpg 225w, https:\/\/www.engagement.fr\/wp-content\/uploads\/2026\/04\/IMG_20260409_142955-768x1024.jpg 768w, https:\/\/www.engagement.fr\/wp-content\/uploads\/2026\/04\/IMG_20260409_142955-1152x1536.jpg 1152w, https:\/\/www.engagement.fr\/wp-content\/uploads\/2026\/04\/IMG_20260409_142955-1536x2048.jpg 1536w, https:\/\/www.engagement.fr\/wp-content\/uploads\/2026\/04\/IMG_20260409_142955-9x12.jpg 9w\" sizes=\"(max-width: 1920px) 100vw, 1920px\" \/><\/div>\n\t\t<\/a>\n\t\t\t\t<div class=\"elementor-post__text\">\n\t\t\t\t<h3 class=\"elementor-post__title\">\n\t\t\t<a href=\"https:\/\/www.engagement.fr\/en\/des-laureats-passent-le-mbti-avec-colombus-consulting\/\" >\n\t\t\t\tAward winners take the MBTI with Colombus Consulting\t\t\t<\/a>\n\t\t<\/h3>\n\t\t\t\t<div class=\"elementor-post__meta-data\">\n\t\t\t\t\t<span class=\"elementor-post-date\">\n\t\t\t10 April 2026\t\t<\/span>\n\t\t\t\t<\/div>\n\t\t\t\t<div class=\"elementor-post__excerpt\">\n\t\t\t<p>Thank you to our partner Colombus Consulting for hosting this workshop.<\/p>\n\t\t<\/div>\n\t\t\t\t\t<div class=\"elementor-post__read-more-wrapper\">\n\t\t\n\t\t<a class=\"elementor-post__read-more\" href=\"https:\/\/www.engagement.fr\/en\/des-laureats-passent-le-mbti-avec-colombus-consulting\/\" aria-label=\"Read more about Des laur\u00e9ats passent le MBTI avec Colombus Consulting\u200b\" tabindex=\"-1\" >\n\t\t\tRead more\t\t<\/a>\n\n\t\t\t\t\t<\/div>\n\t\t\t\t<\/div>\n\t\t\t\t<\/article>\n\t\t\t\t<article class=\"elementor-post elementor-grid-item post-16598 post type-post status-publish format-standard has-post-thumbnail hentry category-uncategorized\" role=\"listitem\">\n\t\t\t\t<a class=\"elementor-post__thumbnail__link\" href=\"https:\/\/www.engagement.fr\/en\/des-laureates-echangent-sur-lecologie-dans-le-dernier-podcast-dasmaou-laureate-de-linstitut\/\" tabindex=\"-1\" >\n\t\t\t<div class=\"elementor-post__thumbnail\"><img decoding=\"async\" width=\"1000\" height=\"600\" src=\"https:\/\/www.engagement.fr\/wp-content\/uploads\/2026\/03\/Gabarit-actus-site-internet_Podcast-Asmaou.png\" class=\"attachment-full size-full wp-image-16600\" alt=\"\" srcset=\"https:\/\/www.engagement.fr\/wp-content\/uploads\/2026\/03\/Gabarit-actus-site-internet_Podcast-Asmaou.png 1000w, https:\/\/www.engagement.fr\/wp-content\/uploads\/2026\/03\/Gabarit-actus-site-internet_Podcast-Asmaou-300x180.png 300w, https:\/\/www.engagement.fr\/wp-content\/uploads\/2026\/03\/Gabarit-actus-site-internet_Podcast-Asmaou-768x461.png 768w, https:\/\/www.engagement.fr\/wp-content\/uploads\/2026\/03\/Gabarit-actus-site-internet_Podcast-Asmaou-18x12.png 18w\" sizes=\"(max-width: 1000px) 100vw, 1000px\" \/><\/div>\n\t\t<\/a>\n\t\t\t\t<div class=\"elementor-post__text\">\n\t\t\t\t<h3 class=\"elementor-post__title\">\n\t\t\t<a href=\"https:\/\/www.engagement.fr\/en\/des-laureates-echangent-sur-lecologie-dans-le-dernier-podcast-dasmaou-laureate-de-linstitut\/\" >\n\t\t\t\tWinners discuss ecology in the latest podcast from Asmaou, an Institute laureate\t\t\t<\/a>\n\t\t<\/h3>\n\t\t\t\t<div class=\"elementor-post__meta-data\">\n\t\t\t\t\t<span class=\"elementor-post-date\">\n\t\t\t6 March 2026\t\t<\/span>\n\t\t\t\t<\/div>\n\t\t\t\t<div class=\"elementor-post__excerpt\">\n\t\t\t<p>For the latest University of Engagement, Asmaou Borges, spring 2025 laureate, recorded a new episode of her podcast \u00abEn sc\u00e8ne\u00bb, on the theme: \"Can we talk about ecology without being an expert?\". <\/p>\n\t\t<\/div>\n\t\t\t\t\t<div class=\"elementor-post__read-more-wrapper\">\n\t\t\n\t\t<a class=\"elementor-post__read-more\" href=\"https:\/\/www.engagement.fr\/en\/des-laureates-echangent-sur-lecologie-dans-le-dernier-podcast-dasmaou-laureate-de-linstitut\/\" aria-label=\"Read more about Des laur\u00e9ates \u00e9changent sur l&rsquo;\u00e9cologie dans le dernier podcast d&rsquo;Asmaou, laur\u00e9ate de l&rsquo;Institut\" tabindex=\"-1\" >\n\t\t\tRead more\t\t<\/a>\n\n\t\t\t\t\t<\/div>\n\t\t\t\t<\/div>\n\t\t\t\t<\/article>\n\t\t\t\t<article class=\"elementor-post elementor-grid-item post-16444 post type-post status-publish format-standard has-post-thumbnail hentry category-uncategorized\" role=\"listitem\">\n\t\t\t\t<a class=\"elementor-post__thumbnail__link\" href=\"https:\/\/www.engagement.fr\/en\/decouvrez-la-liste-des-laureats-de-la-session-de-printemps-2026\/\" tabindex=\"-1\" >\n\t\t\t<div class=\"elementor-post__thumbnail\"><img loading=\"lazy\" decoding=\"async\" width=\"1000\" height=\"600\" src=\"https:\/\/www.engagement.fr\/wp-content\/uploads\/2026\/02\/Annonce-promo-2026-1.png\" class=\"attachment-full size-full wp-image-16449\" alt=\"\" srcset=\"https:\/\/www.engagement.fr\/wp-content\/uploads\/2026\/02\/Annonce-promo-2026-1.png 1000w, https:\/\/www.engagement.fr\/wp-content\/uploads\/2026\/02\/Annonce-promo-2026-1-300x180.png 300w, https:\/\/www.engagement.fr\/wp-content\/uploads\/2026\/02\/Annonce-promo-2026-1-768x461.png 768w, https:\/\/www.engagement.fr\/wp-content\/uploads\/2026\/02\/Annonce-promo-2026-1-18x12.png 18w\" sizes=\"(max-width: 1000px) 100vw, 1000px\" \/><\/div>\n\t\t<\/a>\n\t\t\t\t<div class=\"elementor-post__text\">\n\t\t\t\t<h3 class=\"elementor-post__title\">\n\t\t\t<a href=\"https:\/\/www.engagement.fr\/en\/decouvrez-la-liste-des-laureats-de-la-session-de-printemps-2026\/\" >\n\t\t\t\tDiscover the list of winners from the Spring 2026 session\t\t\t<\/a>\n\t\t<\/h3>\n\t\t\t\t<div class=\"elementor-post__meta-data\">\n\t\t\t\t\t<span class=\"elementor-post-date\">\n\t\t\t27 February 2026\t\t<\/span>\n\t\t\t\t<\/div>\n\t\t\t\t<div class=\"elementor-post__excerpt\">\n\t\t\t<p>The list of winners for the spring 2026 session is online.<\/p>\n\t\t<\/div>\n\t\t\t\t\t<div class=\"elementor-post__read-more-wrapper\">\n\t\t\n\t\t<a class=\"elementor-post__read-more\" href=\"https:\/\/www.engagement.fr\/en\/decouvrez-la-liste-des-laureats-de-la-session-de-printemps-2026\/\" aria-label=\"Read more about D\u00e9couvrez la liste des laur\u00e9ats de la session de printemps 2026\" tabindex=\"-1\" >\n\t\t\tRead more\t\t<\/a>\n\n\t\t\t\t\t<\/div>\n\t\t\t\t<\/div>\n\t\t\t\t<\/article>\n\t\t\t\t<article class=\"elementor-post elementor-grid-item post-16484 post type-post status-publish format-standard has-post-thumbnail hentry category-uncategorized\" role=\"listitem\">\n\t\t\t\t<a class=\"elementor-post__thumbnail__link\" href=\"https:\/\/www.engagement.fr\/en\/temoignage-sandrine-labielle-initiation-premiers-secours-de-la-planete\/\" tabindex=\"-1\" >\n\t\t\t<div class=\"elementor-post__thumbnail\"><img loading=\"lazy\" decoding=\"async\" width=\"1000\" height=\"600\" src=\"https:\/\/www.engagement.fr\/wp-content\/uploads\/2026\/02\/Miniature-site.png\" class=\"attachment-full size-full wp-image-16498\" alt=\"\" srcset=\"https:\/\/www.engagement.fr\/wp-content\/uploads\/2026\/02\/Miniature-site.png 1000w, https:\/\/www.engagement.fr\/wp-content\/uploads\/2026\/02\/Miniature-site-300x180.png 300w, https:\/\/www.engagement.fr\/wp-content\/uploads\/2026\/02\/Miniature-site-768x461.png 768w, https:\/\/www.engagement.fr\/wp-content\/uploads\/2026\/02\/Miniature-site-18x12.png 18w\" sizes=\"(max-width: 1000px) 100vw, 1000px\" \/><\/div>\n\t\t<\/a>\n\t\t\t\t<div class=\"elementor-post__text\">\n\t\t\t\t<h3 class=\"elementor-post__title\">\n\t\t\t<a href=\"https:\/\/www.engagement.fr\/en\/temoignage-sandrine-labielle-initiation-premiers-secours-de-la-planete\/\" >\n\t\t\t\t\u00abThis path makes the need to act concrete.\u00bb\t\t\t<\/a>\n\t\t<\/h3>\n\t\t\t\t<div class=\"elementor-post__meta-data\">\n\t\t\t\t\t<span class=\"elementor-post-date\">\n\t\t\t25 February 2026\t\t<\/span>\n\t\t\t\t<\/div>\n\t\t\t\t<div class=\"elementor-post__excerpt\">\n\t\t\t<p>Sandrine Labielle, a teacher at a vocational high school, has integrated the \"Initiation to First Aid for the Planet\" programme into her teaching to develop her students' critical thinking skills and help them decipher the latest news on ecological transition. Here's the testimony of a committed educator!<\/p>\n\t\t<\/div>\n\t\t\t\t\t<div class=\"elementor-post__read-more-wrapper\">\n\t\t\n\t\t<a class=\"elementor-post__read-more\" href=\"https:\/\/www.engagement.fr\/en\/temoignage-sandrine-labielle-initiation-premiers-secours-de-la-planete\/\" aria-label=\"Read more about \u00ab\u00a0Ce parcours permet de rendre concret la n\u00e9cessit\u00e9 d\u2019agir.\u00a0\u00bb\" tabindex=\"-1\" >\n\t\t\tRead more\t\t<\/a>\n\n\t\t\t\t\t<\/div>\n\t\t\t\t<\/div>\n\t\t\t\t<\/article>\n\t\t\t\t<article class=\"elementor-post elementor-grid-item post-16339 post type-post status-publish format-standard has-post-thumbnail hentry category-uncategorized\" role=\"listitem\">\n\t\t\t\t<a class=\"elementor-post__thumbnail__link\" href=\"https:\/\/www.engagement.fr\/en\/decouvrez-la-liste-des-candidats-admissibles-a-loral-du-programme-laureats-pour-la-session-de-printemps-2026\/\" tabindex=\"-1\" >\n\t\t\t<div class=\"elementor-post__thumbnail\"><img loading=\"lazy\" decoding=\"async\" width=\"1000\" height=\"600\" src=\"https:\/\/www.engagement.fr\/wp-content\/uploads\/2026\/02\/Annonce-admissibles-2026-1.png\" class=\"attachment-full size-full wp-image-16345\" alt=\"\" srcset=\"https:\/\/www.engagement.fr\/wp-content\/uploads\/2026\/02\/Annonce-admissibles-2026-1.png 1000w, https:\/\/www.engagement.fr\/wp-content\/uploads\/2026\/02\/Annonce-admissibles-2026-1-300x180.png 300w, https:\/\/www.engagement.fr\/wp-content\/uploads\/2026\/02\/Annonce-admissibles-2026-1-768x461.png 768w, https:\/\/www.engagement.fr\/wp-content\/uploads\/2026\/02\/Annonce-admissibles-2026-1-18x12.png 18w\" sizes=\"(max-width: 1000px) 100vw, 1000px\" \/><\/div>\n\t\t<\/a>\n\t\t\t\t<div class=\"elementor-post__text\">\n\t\t\t\t<h3 class=\"elementor-post__title\">\n\t\t\t<a href=\"https:\/\/www.engagement.fr\/en\/decouvrez-la-liste-des-candidats-admissibles-a-loral-du-programme-laureats-pour-la-session-de-printemps-2026\/\" >\n\t\t\t\tDiscover the list of candidates eligible for the oral interview for the \u00abLaureates\u00bb programme for the Spring 2026 session.\t\t\t<\/a>\n\t\t<\/h3>\n\t\t\t\t<div class=\"elementor-post__meta-data\">\n\t\t\t\t\t<span class=\"elementor-post-date\">\n\t\t\t2 February 2026\t\t<\/span>\n\t\t\t\t<\/div>\n\t\t\t\t<div class=\"elementor-post__excerpt\">\n\t\t\t<p>The list of candidates eligible for the oral examination for the \u00abLaureates\u00bb programme for the Spring 2026 session is online.<\/p>\n\t\t<\/div>\n\t\t\t\t\t<div class=\"elementor-post__read-more-wrapper\">\n\t\t\n\t\t<a class=\"elementor-post__read-more\" href=\"https:\/\/www.engagement.fr\/en\/decouvrez-la-liste-des-candidats-admissibles-a-loral-du-programme-laureats-pour-la-session-de-printemps-2026\/\" aria-label=\"Read more about D\u00e9couvrez la liste des candidats admissibles \u00e0 l&rsquo;oral du programme \u00ab\u00a0laur\u00e9ats\u00a0\u00bb pour la session de printemps 2026\" tabindex=\"-1\" >\n\t\t\tRead more\t\t<\/a>\n\n\t\t\t\t\t<\/div>\n\t\t\t\t<\/div>\n\t\t\t\t<\/article>\n\t\t\t\t<article class=\"elementor-post elementor-grid-item post-16291 post type-post status-publish format-standard has-post-thumbnail hentry category-uncategorized\" role=\"listitem\">\n\t\t\t\t<a class=\"elementor-post__thumbnail__link\" href=\"https:\/\/www.engagement.fr\/en\/decouvrez-les-conferences-de-luniversite-et-du-campus-de-lengagement-dhiver-2026\/\" tabindex=\"-1\" >\n\t\t\t<div class=\"elementor-post__thumbnail\"><img loading=\"lazy\" decoding=\"async\" width=\"2560\" height=\"1075\" src=\"https:\/\/www.engagement.fr\/wp-content\/uploads\/2026\/01\/Intervenants-UDE-CAMPUS-4.png\" class=\"attachment-full size-full wp-image-16186\" alt=\"\" srcset=\"https:\/\/www.engagement.fr\/wp-content\/uploads\/2026\/01\/Intervenants-UDE-CAMPUS-4.png 2560w, https:\/\/www.engagement.fr\/wp-content\/uploads\/2026\/01\/Intervenants-UDE-CAMPUS-4-300x126.png 300w, https:\/\/www.engagement.fr\/wp-content\/uploads\/2026\/01\/Intervenants-UDE-CAMPUS-4-1024x430.png 1024w, https:\/\/www.engagement.fr\/wp-content\/uploads\/2026\/01\/Intervenants-UDE-CAMPUS-4-768x323.png 768w, https:\/\/www.engagement.fr\/wp-content\/uploads\/2026\/01\/Intervenants-UDE-CAMPUS-4-1536x645.png 1536w, https:\/\/www.engagement.fr\/wp-content\/uploads\/2026\/01\/Intervenants-UDE-CAMPUS-4-2048x860.png 2048w, https:\/\/www.engagement.fr\/wp-content\/uploads\/2026\/01\/Intervenants-UDE-CAMPUS-4-18x8.png 18w\" sizes=\"(max-width: 2560px) 100vw, 2560px\" \/><\/div>\n\t\t<\/a>\n\t\t\t\t<div class=\"elementor-post__text\">\n\t\t\t\t<h3 class=\"elementor-post__title\">\n\t\t\t<a href=\"https:\/\/www.engagement.fr\/en\/decouvrez-les-conferences-de-luniversite-et-du-campus-de-lengagement-dhiver-2026\/\" >\n\t\t\t\tDiscover the University and Campus of Engagement Winter 2026 conferences\t\t\t<\/a>\n\t\t<\/h3>\n\t\t\t\t<div class=\"elementor-post__meta-data\">\n\t\t\t\t\t<span class=\"elementor-post-date\">\n\t\t\t14 January 2026\t\t<\/span>\n\t\t\t\t<\/div>\n\t\t\t\t<div class=\"elementor-post__excerpt\">\n\t\t\t<p>Discover the talks you can find on replay after the event.<\/p>\n\t\t<\/div>\n\t\t\t\t\t<div class=\"elementor-post__read-more-wrapper\">\n\t\t\n\t\t<a class=\"elementor-post__read-more\" href=\"https:\/\/www.engagement.fr\/en\/decouvrez-les-conferences-de-luniversite-et-du-campus-de-lengagement-dhiver-2026\/\" aria-label=\"Read more about D\u00e9couvrez les conf\u00e9rences de l&rsquo;Universit\u00e9 et Campus de l&rsquo;Engagement d&rsquo;hiver 2026\" tabindex=\"-1\" >\n\t\t\tRead more\t\t<\/a>\n\n\t\t\t\t\t<\/div>\n\t\t\t\t<\/div>\n\t\t\t\t<\/article>\n\t\t\t\t<article class=\"elementor-post elementor-grid-item post-15753 post type-post status-publish format-standard has-post-thumbnail hentry category-uncategorized\" role=\"listitem\">\n\t\t\t\t<a class=\"elementor-post__thumbnail__link\" href=\"https:\/\/www.engagement.fr\/en\/temoignage-nina-marceddu-initiation-premiers-secours-de-la-planete\/\" tabindex=\"-1\" >\n\t\t\t<div class=\"elementor-post__thumbnail\"><img loading=\"lazy\" decoding=\"async\" width=\"1000\" height=\"600\" src=\"https:\/\/www.engagement.fr\/wp-content\/uploads\/2025\/12\/V1Actu-site-internet-1.png\" class=\"attachment-full size-full wp-image-15798\" alt=\"\" srcset=\"https:\/\/www.engagement.fr\/wp-content\/uploads\/2025\/12\/V1Actu-site-internet-1.png 1000w, https:\/\/www.engagement.fr\/wp-content\/uploads\/2025\/12\/V1Actu-site-internet-1-300x180.png 300w, https:\/\/www.engagement.fr\/wp-content\/uploads\/2025\/12\/V1Actu-site-internet-1-768x461.png 768w, https:\/\/www.engagement.fr\/wp-content\/uploads\/2025\/12\/V1Actu-site-internet-1-18x12.png 18w\" sizes=\"(max-width: 1000px) 100vw, 1000px\" \/><\/div>\n\t\t<\/a>\n\t\t\t\t<div class=\"elementor-post__text\">\n\t\t\t\t<h3 class=\"elementor-post__title\">\n\t\t\t<a href=\"https:\/\/www.engagement.fr\/en\/temoignage-nina-marceddu-initiation-premiers-secours-de-la-planete\/\" >\n\t\t\t\t\u00abUndertaking this journey with the students was pertinent in every respect.\u00bb\t\t\t<\/a>\n\t\t<\/h3>\n\t\t\t\t<div class=\"elementor-post__meta-data\">\n\t\t\t\t\t<span class=\"elementor-post-date\">\n\t\t\t17 December 2025\t\t<\/span>\n\t\t\t\t<\/div>\n\t\t\t\t<div class=\"elementor-post__excerpt\">\n\t\t\t<p>CPE of a secondary school, Nina Marceddu has joined the \"Initiation to First Aid for the Planet\" course to ignite the desire for action among her school's eco-delegates in favour of ecological transition. A look back at the testimony of a committed player!<\/p>\n\t\t<\/div>\n\t\t\t\t\t<div class=\"elementor-post__read-more-wrapper\">\n\t\t\n\t\t<a class=\"elementor-post__read-more\" href=\"https:\/\/www.engagement.fr\/en\/temoignage-nina-marceddu-initiation-premiers-secours-de-la-planete\/\" aria-label=\"Read more about \u00ab\u00a0R\u00e9aliser ce parcours avec les \u00e9l\u00e8ves a \u00e9t\u00e9 pertinent \u00e0 tout point de vue\u00a0\u00bb\" tabindex=\"-1\" >\n\t\t\tRead more\t\t<\/a>\n\n\t\t\t\t\t<\/div>\n\t\t\t\t<\/div>\n\t\t\t\t<\/article>\n\t\t\t\t<article class=\"elementor-post elementor-grid-item post-15663 post type-post status-publish format-standard has-post-thumbnail hentry category-uncategorized\" role=\"listitem\">\n\t\t\t\t<a class=\"elementor-post__thumbnail__link\" href=\"https:\/\/www.engagement.fr\/en\/rencontres-de-l-engagement-avec-les-elus-de-la-haute-garonne\/\" tabindex=\"-1\" >\n\t\t\t<div class=\"elementor-post__thumbnail\"><img loading=\"lazy\" decoding=\"async\" width=\"2048\" height=\"1536\" src=\"https:\/\/www.engagement.fr\/wp-content\/uploads\/2025\/12\/WhatsApp-Image-2025-12-11-a-16.28.37_20d627a9.jpg\" class=\"attachment-full size-full wp-image-15664\" alt=\"\" srcset=\"https:\/\/www.engagement.fr\/wp-content\/uploads\/2025\/12\/WhatsApp-Image-2025-12-11-a-16.28.37_20d627a9.jpg 2048w, https:\/\/www.engagement.fr\/wp-content\/uploads\/2025\/12\/WhatsApp-Image-2025-12-11-a-16.28.37_20d627a9-300x225.jpg 300w, https:\/\/www.engagement.fr\/wp-content\/uploads\/2025\/12\/WhatsApp-Image-2025-12-11-a-16.28.37_20d627a9-1024x768.jpg 1024w, https:\/\/www.engagement.fr\/wp-content\/uploads\/2025\/12\/WhatsApp-Image-2025-12-11-a-16.28.37_20d627a9-768x576.jpg 768w, https:\/\/www.engagement.fr\/wp-content\/uploads\/2025\/12\/WhatsApp-Image-2025-12-11-a-16.28.37_20d627a9-1536x1152.jpg 1536w, https:\/\/www.engagement.fr\/wp-content\/uploads\/2025\/12\/WhatsApp-Image-2025-12-11-a-16.28.37_20d627a9-16x12.jpg 16w\" sizes=\"(max-width: 2048px) 100vw, 2048px\" \/><\/div>\n\t\t<\/a>\n\t\t\t\t<div class=\"elementor-post__text\">\n\t\t\t\t<h3 class=\"elementor-post__title\">\n\t\t\t<a href=\"https:\/\/www.engagement.fr\/en\/rencontres-de-l-engagement-avec-les-elus-de-la-haute-garonne\/\" >\n\t\t\t\tEngagement Meetings with Elected Officials of Haute-Garonne\t\t\t<\/a>\n\t\t<\/h3>\n\t\t\t\t<div class=\"elementor-post__meta-data\">\n\t\t\t\t\t<span class=\"elementor-post-date\">\n\t\t\t19 November 2025\t\t<\/span>\n\t\t\t\t<\/div>\n\t\t\t\t<div class=\"elementor-post__excerpt\">\n\t\t\t<p>10 Institut winners will benefit from the sponsorship of elected officials from the Haute-Garonne Departmental Council as part of the \"Rencontres de l\u2019Engagement\" (Encounters of Commitment).<\/p>\n\t\t<\/div>\n\t\t\t\t\t<div class=\"elementor-post__read-more-wrapper\">\n\t\t\n\t\t<a class=\"elementor-post__read-more\" href=\"https:\/\/www.engagement.fr\/en\/rencontres-de-l-engagement-avec-les-elus-de-la-haute-garonne\/\" aria-label=\"Read more about Rencontres de l&rsquo;engagement avec les \u00e9lus de la Haute-Garonne\" tabindex=\"-1\" >\n\t\t\tRead more\t\t<\/a>\n\n\t\t\t\t\t<\/div>\n\t\t\t\t<\/div>\n\t\t\t\t<\/article>\n\t\t\t\t<article class=\"elementor-post elementor-grid-item post-14871 post type-post status-publish format-standard has-post-thumbnail hentry category-uncategorized\" role=\"listitem\">\n\t\t\t\t<a class=\"elementor-post__thumbnail__link\" href=\"https:\/\/www.engagement.fr\/en\/decouvrez-la-liste-des-laureats-de-la-session-dautomne-2025\/\" tabindex=\"-1\" >\n\t\t\t<div class=\"elementor-post__thumbnail\"><img loading=\"lazy\" decoding=\"async\" width=\"1000\" height=\"600\" src=\"https:\/\/www.engagement.fr\/wp-content\/uploads\/2025\/12\/Annonce-promo-2025-2.png\" class=\"attachment-full size-full wp-image-15886\" alt=\"\" srcset=\"https:\/\/www.engagement.fr\/wp-content\/uploads\/2025\/12\/Annonce-promo-2025-2.png 1000w, https:\/\/www.engagement.fr\/wp-content\/uploads\/2025\/12\/Annonce-promo-2025-2-300x180.png 300w, https:\/\/www.engagement.fr\/wp-content\/uploads\/2025\/12\/Annonce-promo-2025-2-768x461.png 768w, https:\/\/www.engagement.fr\/wp-content\/uploads\/2025\/12\/Annonce-promo-2025-2-18x12.png 18w\" sizes=\"(max-width: 1000px) 100vw, 1000px\" \/><\/div>\n\t\t<\/a>\n\t\t\t\t<div class=\"elementor-post__text\">\n\t\t\t\t<h3 class=\"elementor-post__title\">\n\t\t\t<a href=\"https:\/\/www.engagement.fr\/en\/decouvrez-la-liste-des-laureats-de-la-session-dautomne-2025\/\" >\n\t\t\t\tDiscover the list of winners for the Autumn 2025 session\t\t\t<\/a>\n\t\t<\/h3>\n\t\t\t\t<div class=\"elementor-post__meta-data\">\n\t\t\t\t\t<span class=\"elementor-post-date\">\n\t\t\t29 October 2025\t\t<\/span>\n\t\t\t\t<\/div>\n\t\t\t\t<div class=\"elementor-post__excerpt\">\n\t\t\t<p>The list of award recipients for the autumn 2025 session is online.<\/p>\n\t\t<\/div>\n\t\t\t\t\t<div class=\"elementor-post__read-more-wrapper\">\n\t\t\n\t\t<a class=\"elementor-post__read-more\" href=\"https:\/\/www.engagement.fr\/en\/decouvrez-la-liste-des-laureats-de-la-session-dautomne-2025\/\" aria-label=\"Read more about D\u00e9couvrez la liste des laur\u00e9ats de la session d&rsquo;automne 2025\" tabindex=\"-1\" >\n\t\t\tRead more\t\t<\/a>\n\n\t\t\t\t\t<\/div>\n\t\t\t\t<\/div>\n\t\t\t\t<\/article>\n\t\t\t\t<\/div>\n\t\t\n\t\t\t\t<div class=\"e-load-more-anchor\" data-page=\"1\" data-max-page=\"5\" data-next-page=\"https:\/\/www.engagement.fr\/en\/wp-json\/wp\/v2\/pages\/2155\/page\/2\/\"><\/div>\n\t\t\t\t<nav class=\"elementor-pagination\" aria-label=\"Pagination\">\n\t\t\t<span class=\"page-numbers prev\">\"Previous<\/span>\n<span aria-current=\"page\" class=\"page-numbers current\"><span class=\"elementor-screen-only\">Page<\/span>1<\/span>\n<a class=\"page-numbers\" href=\"https:\/\/www.engagement.fr\/en\/wp-json\/wp\/v2\/pages\/2155\/page\/2\/\"><span class=\"elementor-screen-only\">Page<\/span>2<\/a>\n<a class=\"page-numbers\" href=\"https:\/\/www.engagement.fr\/en\/wp-json\/wp\/v2\/pages\/2155\/page\/3\/\"><span class=\"elementor-screen-only\">Page<\/span>3<\/a>\n<a class=\"page-numbers\" href=\"https:\/\/www.engagement.fr\/en\/wp-json\/wp\/v2\/pages\/2155\/page\/4\/\"><span class=\"elementor-screen-only\">Page<\/span>4<\/a>\n<a class=\"page-numbers\" href=\"https:\/\/www.engagement.fr\/en\/wp-json\/wp\/v2\/pages\/2155\/page\/5\/\"><span class=\"elementor-screen-only\">Page<\/span>5<\/a>\n<a class=\"page-numbers next\" href=\"https:\/\/www.engagement.fr\/en\/wp-json\/wp\/v2\/pages\/2155\/page\/2\/\">Next page \"<\/a>\t\t<\/nav>\n\t\t\t\t\t\t<\/div>\n\t\t\t\t<\/div>\n\t\t\t\t<\/div>\n\t\t<div class=\"elementor-element elementor-element-1fabd26 e-flex e-con-boxed e-con e-parent\" data-id=\"1fabd26\" data-element_type=\"container\" data-e-type=\"container\">\n\t\t\t\t\t<div class=\"e-con-inner\">\n\t\t\t\t\t<\/div>\n\t\t\t\t<\/div>\n\t\t\t\t<\/div>","protected":false},"excerpt":{"rendered":"<p>Notre agenda D\u00e9couvrez les prochains \u00e9v\u00e9nements organis\u00e9s par l&rsquo;Institut de l&rsquo;Engagement. De rencontres inspirantes \u00e0 des ateliers enrichissants, notre agenda est rempli d&rsquo;opportunit\u00e9s pour vous impliquer, apprendre et \u00e9changer avec [&hellip;]<\/p>\n","protected":false},"author":1,"featured_media":0,"parent":0,"menu_order":0,"comment_status":"closed","ping_status":"closed","template":"elementor_header_footer","meta":{"footnotes":""},"class_list":["post-2155","page","type-page","status-publish","hentry"],"yoast_head":"<!-- This site is optimized with the Yoast SEO plugin v27.5 - https:\/\/yoast.com\/product\/yoast-seo-wordpress\/ -->\n<title>Nos actualit\u00e9s - Institut de l&#039;Engagement<\/title>\n<meta name=\"robots\" content=\"index, follow, max-snippet:-1, max-image-preview:large, max-video-preview:-1\" \/>\n<link rel=\"canonical\" href=\"https:\/\/www.engagement.fr\/en\/our-news\/\" \/>\n<meta property=\"og:locale\" content=\"en_GB\" \/>\n<meta property=\"og:type\" content=\"article\" \/>\n<meta property=\"og:title\" content=\"Nos actualit\u00e9s - Institut de l&#039;Engagement\" \/>\n<meta property=\"og:description\" content=\"Notre agenda D\u00e9couvrez les prochains \u00e9v\u00e9nements organis\u00e9s par l&rsquo;Institut de l&rsquo;Engagement. De rencontres inspirantes \u00e0 des ateliers enrichissants, notre agenda est rempli d&rsquo;opportunit\u00e9s pour vous impliquer, apprendre et \u00e9changer avec [&hellip;]\" \/>\n<meta property=\"og:url\" content=\"https:\/\/www.engagement.fr\/en\/our-news\/\" \/>\n<meta property=\"og:site_name\" content=\"Institut de l&#039;Engagement\" \/>\n<meta property=\"article:publisher\" content=\"https:\/\/www.facebook.com\/Institut.Engagement\" \/>\n<meta property=\"article:modified_time\" content=\"2024-10-23T11:46:58+00:00\" \/>\n<meta name=\"twitter:card\" content=\"summary_large_image\" \/>\n<meta name=\"twitter:site\" content=\"@i_engagement\" \/>\n<meta name=\"twitter:label1\" content=\"Estimated reading time\" \/>\n\t<meta name=\"twitter:data1\" content=\"5 minutes\" \/>\n<script type=\"application\/ld+json\" class=\"yoast-schema-graph\">{\"@context\":\"https:\\\/\\\/schema.org\",\"@graph\":[{\"@type\":\"WebPage\",\"@id\":\"https:\\\/\\\/www.engagement.fr\\\/nos-actualites\\\/\",\"url\":\"https:\\\/\\\/www.engagement.fr\\\/nos-actualites\\\/\",\"name\":\"Nos actualit\u00e9s - Institut de l&#039;Engagement\",\"isPartOf\":{\"@id\":\"https:\\\/\\\/www.engagement.fr\\\/#website\"},\"datePublished\":\"2024-03-14T13:21:26+00:00\",\"dateModified\":\"2024-10-23T11:46:58+00:00\",\"breadcrumb\":{\"@id\":\"https:\\\/\\\/www.engagement.fr\\\/nos-actualites\\\/#breadcrumb\"},\"inLanguage\":\"en-GB\",\"potentialAction\":[{\"@type\":\"ReadAction\",\"target\":[\"https:\\\/\\\/www.engagement.fr\\\/nos-actualites\\\/\"]}]},{\"@type\":\"BreadcrumbList\",\"@id\":\"https:\\\/\\\/www.engagement.fr\\\/nos-actualites\\\/#breadcrumb\",\"itemListElement\":[{\"@type\":\"ListItem\",\"position\":1,\"name\":\"Accueil\",\"item\":\"https:\\\/\\\/www.engagement.fr\\\/\"},{\"@type\":\"ListItem\",\"position\":2,\"name\":\"Nos actualit\u00e9s\"}]},{\"@type\":\"WebSite\",\"@id\":\"https:\\\/\\\/www.engagement.fr\\\/#website\",\"url\":\"https:\\\/\\\/www.engagement.fr\\\/\",\"name\":\"Institut de l'Engagement\",\"description\":\"\",\"publisher\":{\"@id\":\"https:\\\/\\\/www.engagement.fr\\\/#organization\"},\"potentialAction\":[{\"@type\":\"SearchAction\",\"target\":{\"@type\":\"EntryPoint\",\"urlTemplate\":\"https:\\\/\\\/www.engagement.fr\\\/?s={search_term_string}\"},\"query-input\":{\"@type\":\"PropertyValueSpecification\",\"valueRequired\":true,\"valueName\":\"search_term_string\"}}],\"inLanguage\":\"en-GB\"},{\"@type\":\"Organization\",\"@id\":\"https:\\\/\\\/www.engagement.fr\\\/#organization\",\"name\":\"Institut de l'Engagement\",\"url\":\"https:\\\/\\\/www.engagement.fr\\\/\",\"logo\":{\"@type\":\"ImageObject\",\"inLanguage\":\"en-GB\",\"@id\":\"https:\\\/\\\/www.engagement.fr\\\/#\\\/schema\\\/logo\\\/image\\\/\",\"url\":\"https:\\\/\\\/www.engagement.fr\\\/wp-content\\\/uploads\\\/2024\\\/06\\\/Institut-de-lEngagement-Principal-Horizontal.png\",\"contentUrl\":\"https:\\\/\\\/www.engagement.fr\\\/wp-content\\\/uploads\\\/2024\\\/06\\\/Institut-de-lEngagement-Principal-Horizontal.png\",\"width\":3066,\"height\":646,\"caption\":\"Institut de l'Engagement\"},\"image\":{\"@id\":\"https:\\\/\\\/www.engagement.fr\\\/#\\\/schema\\\/logo\\\/image\\\/\"},\"sameAs\":[\"https:\\\/\\\/www.facebook.com\\\/Institut.Engagement\",\"https:\\\/\\\/x.com\\\/i_engagement\"]}]}<\/script>\n<!-- \/ Yoast SEO plugin. -->","yoast_head_json":{"title":"Our news - Institut de l'Engagement","robots":{"index":"index","follow":"follow","max-snippet":"max-snippet:-1","max-image-preview":"max-image-preview:large","max-video-preview":"max-video-preview:-1"},"canonical":"https:\/\/www.engagement.fr\/en\/our-news\/","og_locale":"en_GB","og_type":"article","og_title":"Nos actualit\u00e9s - Institut de l&#039;Engagement","og_description":"Notre agenda D\u00e9couvrez les prochains \u00e9v\u00e9nements organis\u00e9s par l&rsquo;Institut de l&rsquo;Engagement. De rencontres inspirantes \u00e0 des ateliers enrichissants, notre agenda est rempli d&rsquo;opportunit\u00e9s pour vous impliquer, apprendre et \u00e9changer avec [&hellip;]","og_url":"https:\/\/www.engagement.fr\/en\/our-news\/","og_site_name":"Institut de l&#039;Engagement","article_publisher":"https:\/\/www.facebook.com\/Institut.Engagement","article_modified_time":"2024-10-23T11:46:58+00:00","twitter_card":"summary_large_image","twitter_site":"@i_engagement","twitter_misc":{"Estimated reading time":"5 minutes"},"schema":{"@context":"https:\/\/schema.org","@graph":[{"@type":"WebPage","@id":"https:\/\/www.engagement.fr\/nos-actualites\/","url":"https:\/\/www.engagement.fr\/nos-actualites\/","name":"Our news - Institut de l'Engagement","isPartOf":{"@id":"https:\/\/www.engagement.fr\/#website"},"datePublished":"2024-03-14T13:21:26+00:00","dateModified":"2024-10-23T11:46:58+00:00","breadcrumb":{"@id":"https:\/\/www.engagement.fr\/nos-actualites\/#breadcrumb"},"inLanguage":"en-GB","potentialAction":[{"@type":"ReadAction","target":["https:\/\/www.engagement.fr\/nos-actualites\/"]}]},{"@type":"BreadcrumbList","@id":"https:\/\/www.engagement.fr\/nos-actualites\/#breadcrumb","itemListElement":[{"@type":"ListItem","position":1,"name":"Accueil","item":"https:\/\/www.engagement.fr\/"},{"@type":"ListItem","position":2,"name":"Nos actualit\u00e9s"}]},{"@type":"WebSite","@id":"https:\/\/www.engagement.fr\/#website","url":"https:\/\/www.engagement.fr\/","name":"Institute of Commitment","description":"","publisher":{"@id":"https:\/\/www.engagement.fr\/#organization"},"potentialAction":[{"@type":"SearchAction","target":{"@type":"EntryPoint","urlTemplate":"https:\/\/www.engagement.fr\/?s={search_term_string}"},"query-input":{"@type":"PropertyValueSpecification","valueRequired":true,"valueName":"search_term_string"}}],"inLanguage":"en-GB"},{"@type":"Organization","@id":"https:\/\/www.engagement.fr\/#organization","name":"Institute of Commitment","url":"https:\/\/www.engagement.fr\/","logo":{"@type":"ImageObject","inLanguage":"en-GB","@id":"https:\/\/www.engagement.fr\/#\/schema\/logo\/image\/","url":"https:\/\/www.engagement.fr\/wp-content\/uploads\/2024\/06\/Institut-de-lEngagement-Principal-Horizontal.png","contentUrl":"https:\/\/www.engagement.fr\/wp-content\/uploads\/2024\/06\/Institut-de-lEngagement-Principal-Horizontal.png","width":3066,"height":646,"caption":"Institut de l'Engagement"},"image":{"@id":"https:\/\/www.engagement.fr\/#\/schema\/logo\/image\/"},"sameAs":["https:\/\/www.facebook.com\/Institut.Engagement","https:\/\/x.com\/i_engagement"]}]}},"_links":{"self":[{"href":"https:\/\/www.engagement.fr\/en\/wp-json\/wp\/v2\/pages\/2155","targetHints":{"allow":["GET"]}}],"collection":[{"href":"https:\/\/www.engagement.fr\/en\/wp-json\/wp\/v2\/pages"}],"about":[{"href":"https:\/\/www.engagement.fr\/en\/wp-json\/wp\/v2\/types\/page"}],"author":[{"embeddable":true,"href":"https:\/\/www.engagement.fr\/en\/wp-json\/wp\/v2\/users\/1"}],"replies":[{"embeddable":true,"href":"https:\/\/www.engagement.fr\/en\/wp-json\/wp\/v2\/comments?post=2155"}],"version-history":[{"count":59,"href":"https:\/\/www.engagement.fr\/en\/wp-json\/wp\/v2\/pages\/2155\/revisions"}],"predecessor-version":[{"id":11757,"href":"https:\/\/www.engagement.fr\/en\/wp-json\/wp\/v2\/pages\/2155\/revisions\/11757"}],"wp:attachment":[{"href":"https:\/\/www.engagement.fr\/en\/wp-json\/wp\/v2\/media?parent=2155"}],"curies":[{"name":"wp","href":"https:\/\/api.w.org\/{rel}","templated":true}]}}