{"id":13606,"date":"2025-06-12T20:21:14","date_gmt":"2025-06-12T20:21:14","guid":{"rendered":"https:\/\/www.engagement.fr\/?page_id=13606"},"modified":"2025-06-18T16:06:50","modified_gmt":"2025-06-18T16:06:50","slug":"informations-pratiques-universite-et-campus-poitiers-ete-2025","status":"publish","type":"page","link":"https:\/\/www.engagement.fr\/en\/informations-pratiques-universite-et-campus-poitiers-ete-2025\/","title":{"rendered":"Informations Pratiques &#8211; Universit\u00e9 et Campus Poitiers-\u00e9t\u00e9 2025"},"content":{"rendered":"\t\t<div data-elementor-type=\"wp-page\" data-elementor-id=\"13606\" class=\"elementor elementor-13606\" data-elementor-post-type=\"page\">\n\t\t\t\t<div class=\"elementor-element elementor-element-d68884d e-con-full e-flex e-con e-parent\" data-id=\"d68884d\" data-element_type=\"container\" data-e-type=\"container\" data-settings=\"{&quot;background_background&quot;:&quot;classic&quot;,&quot;background_motion_fx_motion_fx_scrolling&quot;:&quot;yes&quot;,&quot;background_motion_fx_translateY_effect&quot;:&quot;yes&quot;,&quot;background_motion_fx_translateY_speed&quot;:{&quot;unit&quot;:&quot;px&quot;,&quot;size&quot;:2,&quot;sizes&quot;:[]},&quot;background_motion_fx_translateY_affectedRange&quot;:{&quot;unit&quot;:&quot;%&quot;,&quot;size&quot;:&quot;&quot;,&quot;sizes&quot;:{&quot;start&quot;:0,&quot;end&quot;:100}},&quot;background_motion_fx_devices&quot;:[&quot;desktop&quot;,&quot;tablet&quot;,&quot;mobile&quot;]}\">\n\t\t<div class=\"elementor-element elementor-element-0fd6db6 e-con-full e-flex e-con e-child\" data-id=\"0fd6db6\" data-element_type=\"container\" data-e-type=\"container\" data-settings=\"{&quot;background_background&quot;:&quot;classic&quot;}\">\n\t\t<div class=\"elementor-element elementor-element-ad2ceee e-con-full e-flex e-con e-child\" data-id=\"ad2ceee\" data-element_type=\"container\" data-e-type=\"container\">\n\t\t\t\t<div class=\"elementor-element elementor-element-b5229a2 animated-fast elementor-invisible elementor-widget elementor-widget-heading\" data-id=\"b5229a2\" data-element_type=\"widget\" data-e-type=\"widget\" data-settings=\"{&quot;_animation&quot;:&quot;fadeInUp&quot;}\" data-widget_type=\"heading.default\">\n\t\t\t\t<div class=\"elementor-widget-container\">\n\t\t\t\t\t<h1 class=\"elementor-heading-title elementor-size-default\">Universit\u00e9 et Campus de l\u2019Engagement<br>d'\u00c9t\u00e9<\/h1>\t\t\t\t<\/div>\n\t\t\t\t<\/div>\n\t\t\t\t<div class=\"elementor-element elementor-element-ee39b3e elementor-invisible elementor-widget elementor-widget-text-editor\" data-id=\"ee39b3e\" data-element_type=\"widget\" data-e-type=\"widget\" data-settings=\"{&quot;_animation&quot;:&quot;fadeIn&quot;,&quot;_animation_delay&quot;:500}\" data-widget_type=\"text-editor.default\">\n\t\t\t\t<div class=\"elementor-widget-container\">\n\t\t\t\t\t\t\t\t\t<p>du 26 juin au 1er juillet 2025 \u00e0 Poitiers<\/p>\t\t\t\t\t\t\t\t<\/div>\n\t\t\t\t<\/div>\n\t\t\t\t<div class=\"elementor-element elementor-element-1d1a9a8 elementor-widget-divider--view-line elementor-invisible elementor-widget elementor-widget-divider\" data-id=\"1d1a9a8\" data-element_type=\"widget\" data-e-type=\"widget\" data-settings=\"{&quot;_animation&quot;:&quot;fadeInUp&quot;}\" data-widget_type=\"divider.default\">\n\t\t\t\t<div class=\"elementor-widget-container\">\n\t\t\t\t\t\t\t<div class=\"elementor-divider\">\n\t\t\t<span class=\"elementor-divider-separator\">\n\t\t\t\t\t\t<\/span>\n\t\t<\/div>\n\t\t\t\t\t\t<\/div>\n\t\t\t\t<\/div>\n\t\t\t\t<div class=\"elementor-element elementor-element-0ca3abf elementor-invisible elementor-widget elementor-widget-text-editor\" data-id=\"0ca3abf\" data-element_type=\"widget\" data-e-type=\"widget\" data-settings=\"{&quot;_animation&quot;:&quot;fadeIn&quot;,&quot;_animation_delay&quot;:750}\" data-widget_type=\"text-editor.default\">\n\t\t\t\t<div class=\"elementor-widget-container\">\n\t\t\t\t\t\t\t\t\t<p>Informations pratiques<\/p>\t\t\t\t\t\t\t\t<\/div>\n\t\t\t\t<\/div>\n\t\t<div class=\"elementor-element elementor-element-16e5c20 e-flex e-con-boxed e-con e-child\" data-id=\"16e5c20\" data-element_type=\"container\" data-e-type=\"container\">\n\t\t\t\t\t<div class=\"e-con-inner\">\n\t\t\t\t<div class=\"elementor-element elementor-element-e29169f elementor-align-center elementor-widget elementor-widget-lottie\" data-id=\"e29169f\" data-element_type=\"widget\" data-e-type=\"widget\" data-settings=\"{&quot;source_json&quot;:{&quot;url&quot;:&quot;https:\\\/\\\/www.engagement.fr\\\/wp-content\\\/uploads\\\/2024\\\/03\\\/2810-arrow-down.json&quot;,&quot;id&quot;:1401,&quot;size&quot;:&quot;&quot;,&quot;alt&quot;:&quot;&quot;,&quot;source&quot;:&quot;library&quot;},&quot;loop&quot;:&quot;yes&quot;,&quot;source&quot;:&quot;media_file&quot;,&quot;caption_source&quot;:&quot;none&quot;,&quot;link_to&quot;:&quot;none&quot;,&quot;trigger&quot;:&quot;arriving_to_viewport&quot;,&quot;viewport&quot;:{&quot;unit&quot;:&quot;%&quot;,&quot;size&quot;:&quot;&quot;,&quot;sizes&quot;:{&quot;start&quot;:0,&quot;end&quot;:100}},&quot;play_speed&quot;:{&quot;unit&quot;:&quot;px&quot;,&quot;size&quot;:1,&quot;sizes&quot;:[]},&quot;start_point&quot;:{&quot;unit&quot;:&quot;%&quot;,&quot;size&quot;:0,&quot;sizes&quot;:[]},&quot;end_point&quot;:{&quot;unit&quot;:&quot;%&quot;,&quot;size&quot;:100,&quot;sizes&quot;:[]},&quot;renderer&quot;:&quot;svg&quot;}\" data-widget_type=\"lottie.default\">\n\t\t\t\t<div class=\"elementor-widget-container\">\n\t\t\t\t\t<div class=\"e-lottie__container\"><div class=\"e-lottie__animation\"><\/div><\/div>\t\t\t\t<\/div>\n\t\t\t\t<\/div>\n\t\t\t\t\t<\/div>\n\t\t\t\t<\/div>\n\t\t\t\t<\/div>\n\t\t\t\t<\/div>\n\t\t\t\t<\/div>\n\t\t<div class=\"elementor-element elementor-element-7712373 e-flex e-con-boxed e-con e-parent\" data-id=\"7712373\" data-element_type=\"container\" data-e-type=\"container\" data-settings=\"{&quot;background_background&quot;:&quot;classic&quot;,&quot;sticky&quot;:&quot;top&quot;,&quot;sticky_offset&quot;:70,&quot;sticky_offset_mobile&quot;:65,&quot;sticky_on&quot;:[&quot;desktop&quot;,&quot;tablet&quot;,&quot;mobile&quot;],&quot;sticky_effects_offset&quot;:0,&quot;sticky_anchor_link_offset&quot;:0}\">\n\t\t\t\t\t<div class=\"e-con-inner\">\n\t\t\t\t<div class=\"elementor-element elementor-element-198f822 elementor-nav-menu__align-justify elementor-nav-menu--stretch elementor-nav-menu__text-align-center elementor-nav-menu--dropdown-tablet elementor-nav-menu--toggle elementor-nav-menu--burger elementor-widget elementor-widget-nav-menu\" data-id=\"198f822\" data-element_type=\"widget\" data-e-type=\"widget\" data-settings=\"{&quot;full_width&quot;:&quot;stretch&quot;,&quot;toggle_icon_hover_animation&quot;:&quot;grow&quot;,&quot;layout&quot;:&quot;horizontal&quot;,&quot;submenu_icon&quot;:{&quot;value&quot;:&quot;&lt;svg aria-hidden=\\&quot;true\\&quot; class=\\&quot;e-font-icon-svg e-fas-caret-down\\&quot; viewBox=\\&quot;0 0 320 512\\&quot; xmlns=\\&quot;http:\\\/\\\/www.w3.org\\\/2000\\\/svg\\&quot;&gt;&lt;path d=\\&quot;M31.3 192h257.3c17.8 0 26.7 21.5 14.1 34.1L174.1 354.8c-7.8 7.8-20.5 7.8-28.3 0L17.2 226.1C4.6 213.5 13.5 192 31.3 192z\\&quot;&gt;&lt;\\\/path&gt;&lt;\\\/svg&gt;&quot;,&quot;library&quot;:&quot;fa-solid&quot;},&quot;toggle&quot;:&quot;burger&quot;}\" data-widget_type=\"nav-menu.default\">\n\t\t\t\t<div class=\"elementor-widget-container\">\n\t\t\t\t\t\t\t\t<nav aria-label=\"Menu\" class=\"elementor-nav-menu--main elementor-nav-menu__container elementor-nav-menu--layout-horizontal e--pointer-none\">\n\t\t\t\t<ul id=\"menu-1-198f822\" class=\"elementor-nav-menu\"><li class=\"menu-item menu-item-type-post_type menu-item-object-page menu-item-13826\"><a href=\"https:\/\/www.engagement.fr\/en\/programme-universite-et-campus-poitiers-ete-2025\/\" class=\"elementor-item\">Le programme<\/a><\/li>\n<li class=\"menu-item menu-item-type-post_type menu-item-object-page menu-item-13827\"><a href=\"https:\/\/www.engagement.fr\/en\/ateliers-universite-et-campus-poitiers-ete-2025\/\" class=\"elementor-item\">Nos ateliers<\/a><\/li>\n<li class=\"menu-item menu-item-type-post_type menu-item-object-page menu-item-13828\"><a href=\"https:\/\/www.engagement.fr\/en\/nos-conferenciers-universite-et-campus-poitiers-ete-2025\/\" class=\"elementor-item\">Nos conf\u00e9renciers<\/a><\/li>\n<li class=\"menu-item menu-item-type-post_type menu-item-object-page menu-item-13829\"><a href=\"https:\/\/www.engagement.fr\/en\/nos-partenaires-campus-poitiers-ete-2025\/\" class=\"elementor-item\">Nos partenaires Campus<\/a><\/li>\n<li class=\"menu-item menu-item-type-post_type menu-item-object-page menu-item-13830\"><a href=\"https:\/\/www.engagement.fr\/en\/informations-pratiques-universite-et-campus-poitiers-ete-2025\/\" class=\"elementor-item\">Informations Pratiques<\/a><\/li>\n<\/ul>\t\t\t<\/nav>\n\t\t\t\t\t<div class=\"elementor-menu-toggle\" role=\"button\" tabindex=\"0\" aria-label=\"Menu Toggle\" aria-expanded=\"false\">\n\t\t\t<svg aria-hidden=\"true\" role=\"presentation\" class=\"elementor-menu-toggle__icon--open elementor-animation-grow e-font-icon-svg e-fas-bars\" viewBox=\"0 0 448 512\" xmlns=\"http:\/\/www.w3.org\/2000\/svg\"><path d=\"M16 132h416c8.837 0 16-7.163 16-16V76c0-8.837-7.163-16-16-16H16C7.163 60 0 67.163 0 76v40c0 8.837 7.163 16 16 16zm0 160h416c8.837 0 16-7.163 16-16v-40c0-8.837-7.163-16-16-16H16c-8.837 0-16 7.163-16 16v40c0 8.837 7.163 16 16 16zm0 160h416c8.837 0 16-7.163 16-16v-40c0-8.837-7.163-16-16-16H16c-8.837 0-16 7.163-16 16v40c0 8.837 7.163 16 16 16z\"><\/path><\/svg><svg aria-hidden=\"true\" role=\"presentation\" class=\"elementor-menu-toggle__icon--close elementor-animation-grow e-font-icon-svg e-eicon-close\" viewBox=\"0 0 1000 1000\" xmlns=\"http:\/\/www.w3.org\/2000\/svg\"><path d=\"M742 167L500 408 258 167C246 154 233 150 217 150 196 150 179 158 167 167 154 179 150 196 150 212 150 229 154 242 171 254L408 500 167 742C138 771 138 800 167 829 196 858 225 858 254 829L496 587 738 829C750 842 767 846 783 846 800 846 817 842 829 829 842 817 846 804 846 783 846 767 842 750 829 737L588 500 833 258C863 229 863 200 833 171 804 137 775 137 742 167Z\"><\/path><\/svg>\t\t<\/div>\n\t\t\t\t\t<nav class=\"elementor-nav-menu--dropdown elementor-nav-menu__container\" aria-hidden=\"true\">\n\t\t\t\t<ul id=\"menu-2-198f822\" class=\"elementor-nav-menu\"><li class=\"menu-item menu-item-type-post_type menu-item-object-page menu-item-13826\"><a href=\"https:\/\/www.engagement.fr\/en\/programme-universite-et-campus-poitiers-ete-2025\/\" class=\"elementor-item\" tabindex=\"-1\">Le programme<\/a><\/li>\n<li class=\"menu-item menu-item-type-post_type menu-item-object-page menu-item-13827\"><a href=\"https:\/\/www.engagement.fr\/en\/ateliers-universite-et-campus-poitiers-ete-2025\/\" class=\"elementor-item\" tabindex=\"-1\">Nos ateliers<\/a><\/li>\n<li class=\"menu-item menu-item-type-post_type menu-item-object-page menu-item-13828\"><a href=\"https:\/\/www.engagement.fr\/en\/nos-conferenciers-universite-et-campus-poitiers-ete-2025\/\" class=\"elementor-item\" tabindex=\"-1\">Nos conf\u00e9renciers<\/a><\/li>\n<li class=\"menu-item menu-item-type-post_type menu-item-object-page menu-item-13829\"><a href=\"https:\/\/www.engagement.fr\/en\/nos-partenaires-campus-poitiers-ete-2025\/\" class=\"elementor-item\" tabindex=\"-1\">Nos partenaires Campus<\/a><\/li>\n<li class=\"menu-item menu-item-type-post_type menu-item-object-page menu-item-13830\"><a href=\"https:\/\/www.engagement.fr\/en\/informations-pratiques-universite-et-campus-poitiers-ete-2025\/\" class=\"elementor-item\" tabindex=\"-1\">Informations Pratiques<\/a><\/li>\n<\/ul>\t\t\t<\/nav>\n\t\t\t\t\t\t<\/div>\n\t\t\t\t<\/div>\n\t\t\t\t\t<\/div>\n\t\t\t\t<\/div>\n\t\t<div class=\"elementor-element elementor-element-de46fb2 e-flex e-con-boxed e-con e-parent\" data-id=\"de46fb2\" data-element_type=\"container\" data-e-type=\"container\" data-settings=\"{&quot;background_background&quot;:&quot;classic&quot;}\">\n\t\t\t\t\t<div class=\"e-con-inner\">\n\t\t<div class=\"elementor-element elementor-element-6519fdc e-con-full e-flex e-con e-child\" data-id=\"6519fdc\" data-element_type=\"container\" data-e-type=\"container\">\n\t\t\t\t<div class=\"elementor-element elementor-element-3140ff1 elementor-widget elementor-widget-heading\" data-id=\"3140ff1\" data-element_type=\"widget\" data-e-type=\"widget\" data-widget_type=\"heading.default\">\n\t\t\t\t<div class=\"elementor-widget-container\">\n\t\t\t\t\t<h2 class=\"elementor-heading-title elementor-size-default\">Pour participer \u00e0 un atelier, il est indispensable de s'inscrire au pr\u00e9alable.<\/h2>\t\t\t\t<\/div>\n\t\t\t\t<\/div>\n\t\t\t\t<div class=\"elementor-element elementor-element-493a055 elementor-widget elementor-widget-heading\" data-id=\"493a055\" data-element_type=\"widget\" data-e-type=\"widget\" data-widget_type=\"heading.default\">\n\t\t\t\t<div class=\"elementor-widget-container\">\n\t\t\t\t\t<h2 class=\"elementor-heading-title elementor-size-default\">Si vous souhaitez vous inscrire ou modifier un atelier: merci d'utiliser le lien qui vous a \u00e9t\u00e9 communiqu\u00e9 dans le mail d'informations pratiques. Apr\u00e8s votre arriv\u00e9e sur le lieu de l'\u00e9v\u00e9nement, le lien ne sera plus disponible. Le point informations prendra alors vos inscriptions (sous r\u00e9serve de places disponibles). <\/h2>\t\t\t\t<\/div>\n\t\t\t\t<\/div>\n\t\t\t\t<div class=\"elementor-element elementor-element-357493b elementor-widget elementor-widget-heading\" data-id=\"357493b\" data-element_type=\"widget\" data-e-type=\"widget\" data-widget_type=\"heading.default\">\n\t\t\t\t<div class=\"elementor-widget-container\">\n\t\t\t\t\t<h2 class=\"elementor-heading-title elementor-size-default\">Nota bene : <br>- Votre inscription \u00e0 l'\u00e9v\u00e9nement vous permet d'assister \u00e0 toutes les conf\u00e9rences sans inscription.<br>- Veuillez imprimer en amont de votre venue, tout document que vous souhaiteriez avoir avec vous lors de l'\u00e9v\u00e9nement (Par exemple, CV et lettre de motivation).<\/h2>\t\t\t\t<\/div>\n\t\t\t\t<\/div>\n\t\t\t\t<div class=\"elementor-element elementor-element-391f17a elementor-widget elementor-widget-spacer\" data-id=\"391f17a\" data-element_type=\"widget\" data-e-type=\"widget\" data-widget_type=\"spacer.default\">\n\t\t\t\t<div class=\"elementor-widget-container\">\n\t\t\t\t\t\t\t<div class=\"elementor-spacer\">\n\t\t\t<div class=\"elementor-spacer-inner\"><\/div>\n\t\t<\/div>\n\t\t\t\t\t\t<\/div>\n\t\t\t\t<\/div>\n\t\t\t\t<div class=\"elementor-element elementor-element-6edca21 elementor-widget elementor-widget-heading\" data-id=\"6edca21\" data-element_type=\"widget\" data-e-type=\"widget\" data-widget_type=\"heading.default\">\n\t\t\t\t<div class=\"elementor-widget-container\">\n\t\t\t\t\t<h2 class=\"elementor-heading-title elementor-size-default\">Adresses importantes<\/h2>\t\t\t\t<\/div>\n\t\t\t\t<\/div>\n\t\t\t\t<div class=\"elementor-element elementor-element-60d8c91 elementor-widget elementor-widget-heading\" data-id=\"60d8c91\" data-element_type=\"widget\" data-e-type=\"widget\" data-widget_type=\"heading.default\">\n\t\t\t\t<div class=\"elementor-widget-container\">\n\t\t\t\t\t<h2 class=\"elementor-heading-title elementor-size-default\"><a href=\"https:\/\/www.google.com\/search?q=2+rue+Jean+Carbonnier%2C+86000+Poitiers&#038;sca_esv=f4b2c0527ec1e856&#038;rlz=1C1GCEU_enFR1145FR1146&#038;ei=r-FSaJiSOMClkdUP6aCfuQY&#038;ved=0ahUKEwjYpdrhqvuNAxXAUqQEHWnQJ2cQ4dUDCBA&#038;oq=2+rue+Jean+Carbonnier%2C+86000+Poitiers&#038;gs_lp=Egxnd3Mtd2l6LXNlcnAiJTIgcnVlIEplYW4gQ2FyYm9ubmllciwgODYwMDAgUG9pdGllcnNIAFAAWABwAHgBkAEAmAEAoAEAqgEAuAEMyAEAmAIAoAIAmAMAkgcAoAcAsgcAuAcAwgcAyAcA&#038;sclient=gws-wiz-serp\">Universit\u00e9 de Poitiers : 2 rue Jean Carbonnier, 86000 Poitiers (B\u00e2timent A1 de l'UFR de droit)<\/a><\/h2>\t\t\t\t<\/div>\n\t\t\t\t<\/div>\n\t\t\t\t<div class=\"elementor-element elementor-element-79362ab elementor-widget elementor-widget-heading\" data-id=\"79362ab\" data-element_type=\"widget\" data-e-type=\"widget\" data-widget_type=\"heading.default\">\n\t\t\t\t<div class=\"elementor-widget-container\">\n\t\t\t\t\t<h2 class=\"elementor-heading-title elementor-size-default\"><a href=\"https:\/\/www.google.com\/search?q=5+rue+de+la+Devini%C3%A8re%2C+86000+Poitiers&#038;rlz=1C1GCEU_enFR1145FR1146&#038;oq=5+rue+de+la+Devini%C3%A8re%2C+86000+Poitiers&#038;gs_lcrp=EgZjaHJvbWUyBggAEEUYOTIHCAEQIRifBdIBCDEzNzFqMGo3qAIAsAIA&#038;sourceid=chrome&#038;ie=UTF-8\">Espaces de restauration :  5 rue de la Devini\u00e8re, 86000 Poitiers<\/a><\/h2>\t\t\t\t<\/div>\n\t\t\t\t<\/div>\n\t\t\t\t<div class=\"elementor-element elementor-element-3369bae elementor-widget elementor-widget-heading\" data-id=\"3369bae\" data-element_type=\"widget\" data-e-type=\"widget\" data-widget_type=\"heading.default\">\n\t\t\t\t<div class=\"elementor-widget-container\">\n\t\t\t\t\t<h2 class=\"elementor-heading-title elementor-size-default\"><a href=\"https:\/\/www.google.com\/search?q=11+rue+Raoul+Follereau%2C+86000+Poitiers&#038;rlz=1C1GCEU_enFR1145FR1146&#038;oq=11+rue+Raoul+Follereau%2C+86000+Poitiers&#038;gs_lcrp=EgZjaHJvbWUyBggAEEUYOTIICAEQABgWGB4yCggCEAAYgAQYogQyCggDEAAYgAQYogQyBwgEEAAY7wUyCggFEAAYogQYiQUyCggGEAAYgAQYogTSAQgxMTAwajBqN6gCALACAA&#038;sourceid=chrome&#038;ie=UTF-8\">H\u00e9bergements laur\u00e9ats : <br>- Cit\u00e9 universitaire Descartes : 11 rue Raoul Follereau, 86000 Poitiers<\/a><\/h2>\t\t\t\t<\/div>\n\t\t\t\t<\/div>\n\t\t\t\t<div class=\"elementor-element elementor-element-5200c1d elementor-widget elementor-widget-heading\" data-id=\"5200c1d\" data-element_type=\"widget\" data-e-type=\"widget\" data-widget_type=\"heading.default\">\n\t\t\t\t<div class=\"elementor-widget-container\">\n\t\t\t\t\t<h2 class=\"elementor-heading-title elementor-size-default\"><a href=\"https:\/\/www.google.com\/search?q=11+rue+de+la+Devini%C3%A8re%2C+86000+Poitiers&#038;rlz=1C1GCEU_enFR1145FR1146&#038;oq=11+rue+de+la+Devini%C3%A8re%2C+86000+Poitiers&#038;gs_lcrp=EgZjaHJvbWUyBggAEEUYOTIICAEQABgWGB4yCggCEAAYgAQYogQyBwgDEAAY7wUyCggEEAAYgAQYogQyCggFEAAYgAQYogTSAQgyMjQ4ajBqN6gCALACAA&#038;sourceid=chrome&#038;ie=UTF-8\">- Cit\u00e9 universitaire Rabelais :  11 rue de la Devini\u00e8re, 86000 Poitiers<\/a><\/h2>\t\t\t\t<\/div>\n\t\t\t\t<\/div>\n\t\t\t\t<div class=\"elementor-element elementor-element-2006966 elementor-widget elementor-widget-heading\" data-id=\"2006966\" data-element_type=\"widget\" data-e-type=\"widget\" data-widget_type=\"heading.default\">\n\t\t\t\t<div class=\"elementor-widget-container\">\n\t\t\t\t\t<h2 class=\"elementor-heading-title elementor-size-default\"><a href=\"https:\/\/www.google.com\/search?q=1+Bd+de+Verdun%2C+86000+Poitiers&#038;rlz=1C1GCEU_enFR1145FR1146&#038;oq=1+Bd+de+Verdun%2C+86000+Poitiers&#038;gs_lcrp=EgZjaHJvbWUyBggAEEUYOTIICAEQABgWGB4yCggCEAAYgAQYogQyCggDEAAYgAQYogQyCggEEAAYgAQYogQyBwgFEAAY7wUyCggGEAAYogQYiQXSAQgyMDQ0ajBqN6gCALACAA&#038;sourceid=chrome&#038;ie=UTF-8\">Pour la soir\u00e9e du vendredi 27 juin : \nTAP Sc\u00e8ne nationale de Grand Poitiers : 1 Bd de Verdun, 86000 Poitiers<\/a><\/h2>\t\t\t\t<\/div>\n\t\t\t\t<\/div>\n\t\t\t\t<div class=\"elementor-element elementor-element-b2609e6 elementor-widget elementor-widget-spacer\" data-id=\"b2609e6\" data-element_type=\"widget\" data-e-type=\"widget\" data-widget_type=\"spacer.default\">\n\t\t\t\t<div class=\"elementor-widget-container\">\n\t\t\t\t\t\t\t<div class=\"elementor-spacer\">\n\t\t\t<div class=\"elementor-spacer-inner\"><\/div>\n\t\t<\/div>\n\t\t\t\t\t\t<\/div>\n\t\t\t\t<\/div>\n\t\t\t\t<div class=\"elementor-element elementor-element-074a58d elementor-widget elementor-widget-heading\" data-id=\"074a58d\" data-element_type=\"widget\" data-e-type=\"widget\" data-widget_type=\"heading.default\">\n\t\t\t\t<div class=\"elementor-widget-container\">\n\t\t\t\t\t<h2 class=\"elementor-heading-title elementor-size-default\">Pour toute information<\/h2>\t\t\t\t<\/div>\n\t\t\t\t<\/div>\n\t\t\t\t<div class=\"elementor-element elementor-element-6c70219 elementor-widget elementor-widget-heading\" data-id=\"6c70219\" data-element_type=\"widget\" data-e-type=\"widget\" data-widget_type=\"heading.default\">\n\t\t\t\t<div class=\"elementor-widget-container\">\n\t\t\t\t\t<h2 class=\"elementor-heading-title elementor-size-default\">Une \u00e9quipe sera pr\u00e9sente pour vous renseigner, pendant toute la dur\u00e9e de l'\u00e9v\u00e9nement, \u00e0 l'accueil \"Institut de l'Engagement\" du b\u00e2timent A1 de l'Universit\u00e9 de Poitiers<\/h2>\t\t\t\t<\/div>\n\t\t\t\t<\/div>\n\t\t\t\t<div class=\"elementor-element elementor-element-3ff7656 elementor-widget elementor-widget-spacer\" data-id=\"3ff7656\" data-element_type=\"widget\" data-e-type=\"widget\" data-widget_type=\"spacer.default\">\n\t\t\t\t<div class=\"elementor-widget-container\">\n\t\t\t\t\t\t\t<div class=\"elementor-spacer\">\n\t\t\t<div class=\"elementor-spacer-inner\"><\/div>\n\t\t<\/div>\n\t\t\t\t\t\t<\/div>\n\t\t\t\t<\/div>\n\t\t\t\t<div class=\"elementor-element elementor-element-4ceb51c elementor-widget elementor-widget-heading\" data-id=\"4ceb51c\" data-element_type=\"widget\" data-e-type=\"widget\" data-widget_type=\"heading.default\">\n\t\t\t\t<div class=\"elementor-widget-container\">\n\t\t\t\t\t<h2 class=\"elementor-heading-title elementor-size-default\">Personnes \u00e0 contacter en cas d'urgence<\/h2>\t\t\t\t<\/div>\n\t\t\t\t<\/div>\n\t\t\t\t<div class=\"elementor-element elementor-element-cb83be5 elementor-widget elementor-widget-heading\" data-id=\"cb83be5\" data-element_type=\"widget\" data-e-type=\"widget\" data-widget_type=\"heading.default\">\n\t\t\t\t<div class=\"elementor-widget-container\">\n\t\t\t\t\t<h2 class=\"elementor-heading-title elementor-size-default\">Blandine Ferreira : 07 63 05 14 33<\/h2>\t\t\t\t<\/div>\n\t\t\t\t<\/div>\n\t\t\t\t<\/div>\n\t\t\t\t\t<\/div>\n\t\t\t\t<\/div>\n\t\t<div class=\"elementor-element elementor-element-121ed74 e-flex e-con-boxed e-con e-parent\" data-id=\"121ed74\" data-element_type=\"container\" data-e-type=\"container\">\n\t\t\t\t\t<div class=\"e-con-inner\">\n\t\t\t\t<div class=\"elementor-element elementor-element-e8de221 elementor-widget elementor-widget-image\" data-id=\"e8de221\" data-element_type=\"widget\" data-e-type=\"widget\" data-widget_type=\"image.default\">\n\t\t\t\t<div class=\"elementor-widget-container\">\n\t\t\t\t\t\t\t\t\t\t\t\t\t\t\t\t<a href=\"https:\/\/www.google.com\/search?q=2+rue+Jean+Carbonnier%2C+86000+Poitiers&#038;sca_esv=f4b2c0527ec1e856&#038;rlz=1C1GCEU_enFR1145FR1146&#038;ei=r-FSaJiSOMClkdUP6aCfuQY&#038;ved=0ahUKEwjYpdrhqvuNAxXAUqQEHWnQJ2cQ4dUDCBA&#038;oq=2+rue+Jean+Carbonnier%2C+86000+Poitiers&#038;gs_lp=Egxnd3Mtd2l6LXNlcnAiJTIgcnVlIEplYW4gQ2FyYm9ubmllciwgODYwMDAgUG9pdGllcnNIAFAAWABwAHgBkAEAmAEAoAEAqgEAuAEMyAEAmAIAoAIAmAMAkgcAoAcAsgcAuAcAwgcAyAcA&#038;sclient=gws-wiz-serp\">\n\t\t\t\t\t\t\t<img fetchpriority=\"high\" decoding=\"async\" width=\"800\" height=\"380\" src=\"https:\/\/www.engagement.fr\/wp-content\/uploads\/2025\/06\/image-1024x486.png\" class=\"attachment-large size-large wp-image-13930\" alt=\"\" srcset=\"https:\/\/www.engagement.fr\/wp-content\/uploads\/2025\/06\/image-1024x486.png 1024w, https:\/\/www.engagement.fr\/wp-content\/uploads\/2025\/06\/image-300x142.png 300w, https:\/\/www.engagement.fr\/wp-content\/uploads\/2025\/06\/image-768x364.png 768w, https:\/\/www.engagement.fr\/wp-content\/uploads\/2025\/06\/image-1536x728.png 1536w, https:\/\/www.engagement.fr\/wp-content\/uploads\/2025\/06\/image-18x9.png 18w, https:\/\/www.engagement.fr\/wp-content\/uploads\/2025\/06\/image.png 1765w\" sizes=\"(max-width: 800px) 100vw, 800px\" \/>\t\t\t\t\t\t\t\t<\/a>\n\t\t\t\t\t\t\t\t\t\t\t\t\t\t\t<\/div>\n\t\t\t\t<\/div>\n\t\t\t\t\t<\/div>\n\t\t\t\t<\/div>\n\t\t\t\t<\/div>\n\t\t","protected":false},"excerpt":{"rendered":"<p>Universit\u00e9 et Campus de l\u2019Engagementd&rsquo;\u00c9t\u00e9 du 26 juin au 1er juillet 2025 \u00e0 Poitiers Informations pratiques Pour participer \u00e0 un atelier, il est indispensable de s&rsquo;inscrire au pr\u00e9alable. Si vous [&hellip;]<\/p>\n","protected":false},"author":12,"featured_media":0,"parent":0,"menu_order":0,"comment_status":"closed","ping_status":"closed","template":"elementor_header_footer","meta":{"footnotes":""},"class_list":["post-13606","page","type-page","status-publish","hentry"],"yoast_head":"<!-- This site is optimized with the Yoast SEO plugin v27.5 - https:\/\/yoast.com\/product\/yoast-seo-wordpress\/ -->\n<title>Informations Pratiques - Universit\u00e9 et Campus Poitiers-\u00e9t\u00e9 2025 - Institut de l&#039;Engagement<\/title>\n<meta name=\"robots\" content=\"index, follow, max-snippet:-1, max-image-preview:large, max-video-preview:-1\" \/>\n<link rel=\"canonical\" href=\"https:\/\/www.engagement.fr\/en\/informations-pratiques-universite-et-campus-poitiers-ete-2025\/\" \/>\n<meta property=\"og:locale\" content=\"en_GB\" \/>\n<meta property=\"og:type\" content=\"article\" \/>\n<meta property=\"og:title\" content=\"Informations Pratiques - Universit\u00e9 et Campus Poitiers-\u00e9t\u00e9 2025 - Institut de l&#039;Engagement\" \/>\n<meta property=\"og:description\" content=\"Universit\u00e9 et Campus de l\u2019Engagementd&rsquo;\u00c9t\u00e9 du 26 juin au 1er juillet 2025 \u00e0 Poitiers Informations pratiques Pour participer \u00e0 un atelier, il est indispensable de s&rsquo;inscrire au pr\u00e9alable. Si vous [&hellip;]\" \/>\n<meta property=\"og:url\" content=\"https:\/\/www.engagement.fr\/en\/informations-pratiques-universite-et-campus-poitiers-ete-2025\/\" \/>\n<meta property=\"og:site_name\" content=\"Institut de l&#039;Engagement\" \/>\n<meta property=\"article:publisher\" content=\"https:\/\/www.facebook.com\/Institut.Engagement\" \/>\n<meta property=\"article:modified_time\" content=\"2025-06-18T16:06:50+00:00\" \/>\n<meta property=\"og:image\" content=\"https:\/\/www.engagement.fr\/wp-content\/uploads\/2025\/06\/image.png\" \/>\n\t<meta property=\"og:image:width\" content=\"1765\" \/>\n\t<meta property=\"og:image:height\" content=\"837\" \/>\n\t<meta property=\"og:image:type\" content=\"image\/png\" \/>\n<meta name=\"twitter:card\" content=\"summary_large_image\" \/>\n<meta name=\"twitter:site\" content=\"@i_engagement\" \/>\n<meta name=\"twitter:label1\" content=\"Estimated reading time\" \/>\n\t<meta name=\"twitter:data1\" content=\"2 minutes\" \/>\n<script type=\"application\/ld+json\" class=\"yoast-schema-graph\">{\"@context\":\"https:\\\/\\\/schema.org\",\"@graph\":[{\"@type\":\"WebPage\",\"@id\":\"https:\\\/\\\/www.engagement.fr\\\/informations-pratiques-universite-et-campus-poitiers-ete-2025\\\/\",\"url\":\"https:\\\/\\\/www.engagement.fr\\\/informations-pratiques-universite-et-campus-poitiers-ete-2025\\\/\",\"name\":\"Informations Pratiques - Universit\u00e9 et Campus Poitiers-\u00e9t\u00e9 2025 - Institut de l&#039;Engagement\",\"isPartOf\":{\"@id\":\"https:\\\/\\\/www.engagement.fr\\\/#website\"},\"primaryImageOfPage\":{\"@id\":\"https:\\\/\\\/www.engagement.fr\\\/informations-pratiques-universite-et-campus-poitiers-ete-2025\\\/#primaryimage\"},\"image\":{\"@id\":\"https:\\\/\\\/www.engagement.fr\\\/informations-pratiques-universite-et-campus-poitiers-ete-2025\\\/#primaryimage\"},\"thumbnailUrl\":\"https:\\\/\\\/www.engagement.fr\\\/wp-content\\\/uploads\\\/2025\\\/06\\\/image-1024x486.png\",\"datePublished\":\"2025-06-12T20:21:14+00:00\",\"dateModified\":\"2025-06-18T16:06:50+00:00\",\"breadcrumb\":{\"@id\":\"https:\\\/\\\/www.engagement.fr\\\/informations-pratiques-universite-et-campus-poitiers-ete-2025\\\/#breadcrumb\"},\"inLanguage\":\"en-GB\",\"potentialAction\":[{\"@type\":\"ReadAction\",\"target\":[\"https:\\\/\\\/www.engagement.fr\\\/informations-pratiques-universite-et-campus-poitiers-ete-2025\\\/\"]}]},{\"@type\":\"ImageObject\",\"inLanguage\":\"en-GB\",\"@id\":\"https:\\\/\\\/www.engagement.fr\\\/informations-pratiques-universite-et-campus-poitiers-ete-2025\\\/#primaryimage\",\"url\":\"https:\\\/\\\/www.engagement.fr\\\/wp-content\\\/uploads\\\/2025\\\/06\\\/image-1024x486.png\",\"contentUrl\":\"https:\\\/\\\/www.engagement.fr\\\/wp-content\\\/uploads\\\/2025\\\/06\\\/image-1024x486.png\"},{\"@type\":\"BreadcrumbList\",\"@id\":\"https:\\\/\\\/www.engagement.fr\\\/informations-pratiques-universite-et-campus-poitiers-ete-2025\\\/#breadcrumb\",\"itemListElement\":[{\"@type\":\"ListItem\",\"position\":1,\"name\":\"Accueil\",\"item\":\"https:\\\/\\\/www.engagement.fr\\\/\"},{\"@type\":\"ListItem\",\"position\":2,\"name\":\"Informations Pratiques &#8211; Universit\u00e9 et Campus Poitiers-\u00e9t\u00e9 2025\"}]},{\"@type\":\"WebSite\",\"@id\":\"https:\\\/\\\/www.engagement.fr\\\/#website\",\"url\":\"https:\\\/\\\/www.engagement.fr\\\/\",\"name\":\"Institut de l'Engagement\",\"description\":\"\",\"publisher\":{\"@id\":\"https:\\\/\\\/www.engagement.fr\\\/#organization\"},\"potentialAction\":[{\"@type\":\"SearchAction\",\"target\":{\"@type\":\"EntryPoint\",\"urlTemplate\":\"https:\\\/\\\/www.engagement.fr\\\/?s={search_term_string}\"},\"query-input\":{\"@type\":\"PropertyValueSpecification\",\"valueRequired\":true,\"valueName\":\"search_term_string\"}}],\"inLanguage\":\"en-GB\"},{\"@type\":\"Organization\",\"@id\":\"https:\\\/\\\/www.engagement.fr\\\/#organization\",\"name\":\"Institut de l'Engagement\",\"url\":\"https:\\\/\\\/www.engagement.fr\\\/\",\"logo\":{\"@type\":\"ImageObject\",\"inLanguage\":\"en-GB\",\"@id\":\"https:\\\/\\\/www.engagement.fr\\\/#\\\/schema\\\/logo\\\/image\\\/\",\"url\":\"https:\\\/\\\/www.engagement.fr\\\/wp-content\\\/uploads\\\/2024\\\/06\\\/Institut-de-lEngagement-Principal-Horizontal.png\",\"contentUrl\":\"https:\\\/\\\/www.engagement.fr\\\/wp-content\\\/uploads\\\/2024\\\/06\\\/Institut-de-lEngagement-Principal-Horizontal.png\",\"width\":3066,\"height\":646,\"caption\":\"Institut de l'Engagement\"},\"image\":{\"@id\":\"https:\\\/\\\/www.engagement.fr\\\/#\\\/schema\\\/logo\\\/image\\\/\"},\"sameAs\":[\"https:\\\/\\\/www.facebook.com\\\/Institut.Engagement\",\"https:\\\/\\\/x.com\\\/i_engagement\"]}]}<\/script>\n<!-- \/ Yoast SEO plugin. -->","yoast_head_json":{"title":"Informations Pratiques - Universit\u00e9 et Campus Poitiers-\u00e9t\u00e9 2025 - Institut de l&#039;Engagement","robots":{"index":"index","follow":"follow","max-snippet":"max-snippet:-1","max-image-preview":"max-image-preview:large","max-video-preview":"max-video-preview:-1"},"canonical":"https:\/\/www.engagement.fr\/en\/informations-pratiques-universite-et-campus-poitiers-ete-2025\/","og_locale":"en_GB","og_type":"article","og_title":"Informations Pratiques - Universit\u00e9 et Campus Poitiers-\u00e9t\u00e9 2025 - Institut de l&#039;Engagement","og_description":"Universit\u00e9 et Campus de l\u2019Engagementd&rsquo;\u00c9t\u00e9 du 26 juin au 1er juillet 2025 \u00e0 Poitiers Informations pratiques Pour participer \u00e0 un atelier, il est indispensable de s&rsquo;inscrire au pr\u00e9alable. Si vous [&hellip;]","og_url":"https:\/\/www.engagement.fr\/en\/informations-pratiques-universite-et-campus-poitiers-ete-2025\/","og_site_name":"Institut de l&#039;Engagement","article_publisher":"https:\/\/www.facebook.com\/Institut.Engagement","article_modified_time":"2025-06-18T16:06:50+00:00","og_image":[{"width":1765,"height":837,"url":"https:\/\/www.engagement.fr\/wp-content\/uploads\/2025\/06\/image.png","type":"image\/png"}],"twitter_card":"summary_large_image","twitter_site":"@i_engagement","twitter_misc":{"Estimated reading time":"2 minutes"},"schema":{"@context":"https:\/\/schema.org","@graph":[{"@type":"WebPage","@id":"https:\/\/www.engagement.fr\/informations-pratiques-universite-et-campus-poitiers-ete-2025\/","url":"https:\/\/www.engagement.fr\/informations-pratiques-universite-et-campus-poitiers-ete-2025\/","name":"Informations Pratiques - Universit\u00e9 et Campus Poitiers-\u00e9t\u00e9 2025 - Institut de l&#039;Engagement","isPartOf":{"@id":"https:\/\/www.engagement.fr\/#website"},"primaryImageOfPage":{"@id":"https:\/\/www.engagement.fr\/informations-pratiques-universite-et-campus-poitiers-ete-2025\/#primaryimage"},"image":{"@id":"https:\/\/www.engagement.fr\/informations-pratiques-universite-et-campus-poitiers-ete-2025\/#primaryimage"},"thumbnailUrl":"https:\/\/www.engagement.fr\/wp-content\/uploads\/2025\/06\/image-1024x486.png","datePublished":"2025-06-12T20:21:14+00:00","dateModified":"2025-06-18T16:06:50+00:00","breadcrumb":{"@id":"https:\/\/www.engagement.fr\/informations-pratiques-universite-et-campus-poitiers-ete-2025\/#breadcrumb"},"inLanguage":"en-GB","potentialAction":[{"@type":"ReadAction","target":["https:\/\/www.engagement.fr\/informations-pratiques-universite-et-campus-poitiers-ete-2025\/"]}]},{"@type":"ImageObject","inLanguage":"en-GB","@id":"https:\/\/www.engagement.fr\/informations-pratiques-universite-et-campus-poitiers-ete-2025\/#primaryimage","url":"https:\/\/www.engagement.fr\/wp-content\/uploads\/2025\/06\/image-1024x486.png","contentUrl":"https:\/\/www.engagement.fr\/wp-content\/uploads\/2025\/06\/image-1024x486.png"},{"@type":"BreadcrumbList","@id":"https:\/\/www.engagement.fr\/informations-pratiques-universite-et-campus-poitiers-ete-2025\/#breadcrumb","itemListElement":[{"@type":"ListItem","position":1,"name":"Accueil","item":"https:\/\/www.engagement.fr\/"},{"@type":"ListItem","position":2,"name":"Informations Pratiques &#8211; Universit\u00e9 et Campus Poitiers-\u00e9t\u00e9 2025"}]},{"@type":"WebSite","@id":"https:\/\/www.engagement.fr\/#website","url":"https:\/\/www.engagement.fr\/","name":"Institute of Commitment","description":"","publisher":{"@id":"https:\/\/www.engagement.fr\/#organization"},"potentialAction":[{"@type":"SearchAction","target":{"@type":"EntryPoint","urlTemplate":"https:\/\/www.engagement.fr\/?s={search_term_string}"},"query-input":{"@type":"PropertyValueSpecification","valueRequired":true,"valueName":"search_term_string"}}],"inLanguage":"en-GB"},{"@type":"Organization","@id":"https:\/\/www.engagement.fr\/#organization","name":"Institute of Commitment","url":"https:\/\/www.engagement.fr\/","logo":{"@type":"ImageObject","inLanguage":"en-GB","@id":"https:\/\/www.engagement.fr\/#\/schema\/logo\/image\/","url":"https:\/\/www.engagement.fr\/wp-content\/uploads\/2024\/06\/Institut-de-lEngagement-Principal-Horizontal.png","contentUrl":"https:\/\/www.engagement.fr\/wp-content\/uploads\/2024\/06\/Institut-de-lEngagement-Principal-Horizontal.png","width":3066,"height":646,"caption":"Institut de l'Engagement"},"image":{"@id":"https:\/\/www.engagement.fr\/#\/schema\/logo\/image\/"},"sameAs":["https:\/\/www.facebook.com\/Institut.Engagement","https:\/\/x.com\/i_engagement"]}]}},"_links":{"self":[{"href":"https:\/\/www.engagement.fr\/en\/wp-json\/wp\/v2\/pages\/13606","targetHints":{"allow":["GET"]}}],"collection":[{"href":"https:\/\/www.engagement.fr\/en\/wp-json\/wp\/v2\/pages"}],"about":[{"href":"https:\/\/www.engagement.fr\/en\/wp-json\/wp\/v2\/types\/page"}],"author":[{"embeddable":true,"href":"https:\/\/www.engagement.fr\/en\/wp-json\/wp\/v2\/users\/12"}],"replies":[{"embeddable":true,"href":"https:\/\/www.engagement.fr\/en\/wp-json\/wp\/v2\/comments?post=13606"}],"version-history":[{"count":19,"href":"https:\/\/www.engagement.fr\/en\/wp-json\/wp\/v2\/pages\/13606\/revisions"}],"predecessor-version":[{"id":14214,"href":"https:\/\/www.engagement.fr\/en\/wp-json\/wp\/v2\/pages\/13606\/revisions\/14214"}],"wp:attachment":[{"href":"https:\/\/www.engagement.fr\/en\/wp-json\/wp\/v2\/media?parent=13606"}],"curies":[{"name":"wp","href":"https:\/\/api.w.org\/{rel}","templated":true}]}}