{"id":12302,"date":"2025-01-29T16:54:28","date_gmt":"2025-01-29T16:54:28","guid":{"rendered":"https:\/\/www.engagement.fr\/?page_id=12302"},"modified":"2025-01-31T17:43:30","modified_gmt":"2025-01-31T17:43:30","slug":"practical-information-campus-condorcet-2025","status":"publish","type":"page","link":"https:\/\/www.engagement.fr\/en\/informations-pratiques-campus-condorcet-2025\/","title":{"rendered":"Practical Information - Campus Condorcet 2025"},"content":{"rendered":"\t\t<div data-elementor-type=\"wp-page\" data-elementor-id=\"12302\" class=\"elementor elementor-12302\" data-elementor-post-type=\"page\">\n\t\t\t\t<div class=\"elementor-element elementor-element-b750f92 e-con-full e-flex e-con e-parent\" data-id=\"b750f92\" data-element_type=\"container\" data-e-type=\"container\" data-settings=\"{&quot;background_background&quot;:&quot;classic&quot;,&quot;background_motion_fx_motion_fx_scrolling&quot;:&quot;yes&quot;,&quot;background_motion_fx_translateY_effect&quot;:&quot;yes&quot;,&quot;background_motion_fx_translateY_speed&quot;:{&quot;unit&quot;:&quot;px&quot;,&quot;size&quot;:2,&quot;sizes&quot;:[]},&quot;background_motion_fx_translateY_affectedRange&quot;:{&quot;unit&quot;:&quot;%&quot;,&quot;size&quot;:&quot;&quot;,&quot;sizes&quot;:{&quot;start&quot;:0,&quot;end&quot;:100}},&quot;background_motion_fx_devices&quot;:[&quot;desktop&quot;,&quot;tablet&quot;,&quot;mobile&quot;]}\">\n\t\t<div class=\"elementor-element elementor-element-590de95 e-con-full e-flex e-con e-child\" data-id=\"590de95\" data-element_type=\"container\" data-e-type=\"container\" data-settings=\"{&quot;background_background&quot;:&quot;classic&quot;}\">\n\t\t<div class=\"elementor-element elementor-element-c531865 e-con-full e-flex e-con e-child\" data-id=\"c531865\" data-element_type=\"container\" data-e-type=\"container\">\n\t\t\t\t<div class=\"elementor-element elementor-element-79bbfdc animated-fast elementor-invisible elementor-widget elementor-widget-heading\" data-id=\"79bbfdc\" data-element_type=\"widget\" data-e-type=\"widget\" data-settings=\"{&quot;_animation&quot;:&quot;fadeInUp&quot;}\" data-widget_type=\"heading.default\">\n\t\t\t\t<div class=\"elementor-widget-container\">\n\t\t\t\t\t<h1 class=\"elementor-heading-title elementor-size-default\">Campus de l\u2019Engagement d'hiver<\/h1>\t\t\t\t<\/div>\n\t\t\t\t<\/div>\n\t\t\t\t<div class=\"elementor-element elementor-element-ab40162 elementor-invisible elementor-widget elementor-widget-text-editor\" data-id=\"ab40162\" data-element_type=\"widget\" data-e-type=\"widget\" data-settings=\"{&quot;_animation&quot;:&quot;fadeIn&quot;,&quot;_animation_delay&quot;:500}\" data-widget_type=\"text-editor.default\">\n\t\t\t\t<div class=\"elementor-widget-container\">\n\t\t\t\t\t\t\t\t\t<p>le jeudi 13 f\u00e9vrier 2025 \u00e0 Aubervilliers<\/p>\t\t\t\t\t\t\t\t<\/div>\n\t\t\t\t<\/div>\n\t\t\t\t<div class=\"elementor-element elementor-element-8643648 elementor-widget-divider--view-line elementor-invisible elementor-widget elementor-widget-divider\" data-id=\"8643648\" data-element_type=\"widget\" data-e-type=\"widget\" data-settings=\"{&quot;_animation&quot;:&quot;fadeInUp&quot;}\" data-widget_type=\"divider.default\">\n\t\t\t\t<div class=\"elementor-widget-container\">\n\t\t\t\t\t\t\t<div class=\"elementor-divider\">\n\t\t\t<span class=\"elementor-divider-separator\">\n\t\t\t\t\t\t<\/span>\n\t\t<\/div>\n\t\t\t\t\t\t<\/div>\n\t\t\t\t<\/div>\n\t\t\t\t<div class=\"elementor-element elementor-element-192d913 elementor-invisible elementor-widget elementor-widget-text-editor\" data-id=\"192d913\" data-element_type=\"widget\" data-e-type=\"widget\" data-settings=\"{&quot;_animation&quot;:&quot;fadeIn&quot;,&quot;_animation_delay&quot;:750}\" data-widget_type=\"text-editor.default\">\n\t\t\t\t<div class=\"elementor-widget-container\">\n\t\t\t\t\t\t\t\t\t<p>Informations pratiques<\/p>\t\t\t\t\t\t\t\t<\/div>\n\t\t\t\t<\/div>\n\t\t<div class=\"elementor-element elementor-element-1e4c039 e-flex e-con-boxed e-con e-child\" data-id=\"1e4c039\" data-element_type=\"container\" data-e-type=\"container\">\n\t\t\t\t\t<div class=\"e-con-inner\">\n\t\t\t\t<div class=\"elementor-element elementor-element-9f2f705 elementor-align-center elementor-widget elementor-widget-lottie\" data-id=\"9f2f705\" data-element_type=\"widget\" data-e-type=\"widget\" data-settings=\"{&quot;source_json&quot;:{&quot;url&quot;:&quot;https:\\\/\\\/www.engagement.fr\\\/wp-content\\\/uploads\\\/2024\\\/03\\\/2810-arrow-down.json&quot;,&quot;id&quot;:1401,&quot;size&quot;:&quot;&quot;,&quot;alt&quot;:&quot;&quot;,&quot;source&quot;:&quot;library&quot;},&quot;loop&quot;:&quot;yes&quot;,&quot;source&quot;:&quot;media_file&quot;,&quot;caption_source&quot;:&quot;none&quot;,&quot;link_to&quot;:&quot;none&quot;,&quot;trigger&quot;:&quot;arriving_to_viewport&quot;,&quot;viewport&quot;:{&quot;unit&quot;:&quot;%&quot;,&quot;size&quot;:&quot;&quot;,&quot;sizes&quot;:{&quot;start&quot;:0,&quot;end&quot;:100}},&quot;play_speed&quot;:{&quot;unit&quot;:&quot;px&quot;,&quot;size&quot;:1,&quot;sizes&quot;:[]},&quot;start_point&quot;:{&quot;unit&quot;:&quot;%&quot;,&quot;size&quot;:0,&quot;sizes&quot;:[]},&quot;end_point&quot;:{&quot;unit&quot;:&quot;%&quot;,&quot;size&quot;:100,&quot;sizes&quot;:[]},&quot;renderer&quot;:&quot;svg&quot;}\" data-widget_type=\"lottie.default\">\n\t\t\t\t<div class=\"elementor-widget-container\">\n\t\t\t\t\t<div class=\"e-lottie__container\"><div class=\"e-lottie__animation\"><\/div><\/div>\t\t\t\t<\/div>\n\t\t\t\t<\/div>\n\t\t\t\t\t<\/div>\n\t\t\t\t<\/div>\n\t\t\t\t<\/div>\n\t\t\t\t<\/div>\n\t\t\t\t<\/div>\n\t\t<div class=\"elementor-element elementor-element-c4fd0b7 e-flex e-con-boxed e-con e-parent\" data-id=\"c4fd0b7\" data-element_type=\"container\" data-e-type=\"container\" data-settings=\"{&quot;background_background&quot;:&quot;classic&quot;,&quot;sticky&quot;:&quot;top&quot;,&quot;sticky_offset&quot;:70,&quot;sticky_offset_mobile&quot;:65,&quot;sticky_on&quot;:[&quot;desktop&quot;,&quot;tablet&quot;,&quot;mobile&quot;],&quot;sticky_effects_offset&quot;:0,&quot;sticky_anchor_link_offset&quot;:0}\">\n\t\t\t\t\t<div class=\"e-con-inner\">\n\t\t\t\t<div class=\"elementor-element elementor-element-53035bb elementor-nav-menu__align-justify elementor-nav-menu--stretch elementor-nav-menu__text-align-center elementor-nav-menu--dropdown-tablet elementor-nav-menu--toggle elementor-nav-menu--burger elementor-widget elementor-widget-nav-menu\" data-id=\"53035bb\" data-element_type=\"widget\" data-e-type=\"widget\" data-settings=\"{&quot;full_width&quot;:&quot;stretch&quot;,&quot;toggle_icon_hover_animation&quot;:&quot;grow&quot;,&quot;layout&quot;:&quot;horizontal&quot;,&quot;submenu_icon&quot;:{&quot;value&quot;:&quot;&lt;svg aria-hidden=\\&quot;true\\&quot; class=\\&quot;e-font-icon-svg e-fas-caret-down\\&quot; viewBox=\\&quot;0 0 320 512\\&quot; xmlns=\\&quot;http:\\\/\\\/www.w3.org\\\/2000\\\/svg\\&quot;&gt;&lt;path d=\\&quot;M31.3 192h257.3c17.8 0 26.7 21.5 14.1 34.1L174.1 354.8c-7.8 7.8-20.5 7.8-28.3 0L17.2 226.1C4.6 213.5 13.5 192 31.3 192z\\&quot;&gt;&lt;\\\/path&gt;&lt;\\\/svg&gt;&quot;,&quot;library&quot;:&quot;fa-solid&quot;},&quot;toggle&quot;:&quot;burger&quot;}\" data-widget_type=\"nav-menu.default\">\n\t\t\t\t<div class=\"elementor-widget-container\">\n\t\t\t\t\t\t\t\t<nav aria-label=\"Menu\" class=\"elementor-nav-menu--main elementor-nav-menu__container elementor-nav-menu--layout-horizontal e--pointer-none\">\n\t\t\t\t<ul id=\"menu-1-53035bb\" class=\"elementor-nav-menu\"><li class=\"menu-item menu-item-type-post_type menu-item-object-page menu-item-12285\"><a href=\"https:\/\/www.engagement.fr\/en\/programme-campus-condorcet-2025\/\" class=\"elementor-item\">Le programme<\/a><\/li>\n<li class=\"menu-item menu-item-type-post_type menu-item-object-page menu-item-12286\"><a href=\"https:\/\/www.engagement.fr\/en\/ateliers-campus-condorcet-2025\/\" class=\"elementor-item\">Nos ateliers<\/a><\/li>\n<li class=\"menu-item menu-item-type-post_type menu-item-object-page menu-item-12292\"><a href=\"https:\/\/www.engagement.fr\/en\/nos-conferenciers-campus-condorcet-2025\/\" class=\"elementor-item\">Nos conf\u00e9renciers<\/a><\/li>\n<li class=\"menu-item menu-item-type-post_type menu-item-object-page menu-item-12301\"><a href=\"https:\/\/www.engagement.fr\/en\/nos-partenaires-campus-condorcet-2025\/\" class=\"elementor-item\">Nos partenaires<\/a><\/li>\n<li class=\"menu-item menu-item-type-post_type menu-item-object-page menu-item-12307\"><a href=\"https:\/\/www.engagement.fr\/en\/informations-pratiques-campus-condorcet-2025\/\" class=\"elementor-item\">Informations pratiques<\/a><\/li>\n<\/ul>\t\t\t<\/nav>\n\t\t\t\t\t<div class=\"elementor-menu-toggle\" role=\"button\" tabindex=\"0\" aria-label=\"Menu Toggle\" aria-expanded=\"false\">\n\t\t\t<svg aria-hidden=\"true\" role=\"presentation\" class=\"elementor-menu-toggle__icon--open elementor-animation-grow e-font-icon-svg e-fas-bars\" viewBox=\"0 0 448 512\" xmlns=\"http:\/\/www.w3.org\/2000\/svg\"><path d=\"M16 132h416c8.837 0 16-7.163 16-16V76c0-8.837-7.163-16-16-16H16C7.163 60 0 67.163 0 76v40c0 8.837 7.163 16 16 16zm0 160h416c8.837 0 16-7.163 16-16v-40c0-8.837-7.163-16-16-16H16c-8.837 0-16 7.163-16 16v40c0 8.837 7.163 16 16 16zm0 160h416c8.837 0 16-7.163 16-16v-40c0-8.837-7.163-16-16-16H16c-8.837 0-16 7.163-16 16v40c0 8.837 7.163 16 16 16z\"><\/path><\/svg><svg aria-hidden=\"true\" role=\"presentation\" class=\"elementor-menu-toggle__icon--close elementor-animation-grow e-font-icon-svg e-eicon-close\" viewBox=\"0 0 1000 1000\" xmlns=\"http:\/\/www.w3.org\/2000\/svg\"><path d=\"M742 167L500 408 258 167C246 154 233 150 217 150 196 150 179 158 167 167 154 179 150 196 150 212 150 229 154 242 171 254L408 500 167 742C138 771 138 800 167 829 196 858 225 858 254 829L496 587 738 829C750 842 767 846 783 846 800 846 817 842 829 829 842 817 846 804 846 783 846 767 842 750 829 737L588 500 833 258C863 229 863 200 833 171 804 137 775 137 742 167Z\"><\/path><\/svg>\t\t<\/div>\n\t\t\t\t\t<nav class=\"elementor-nav-menu--dropdown elementor-nav-menu__container\" aria-hidden=\"true\">\n\t\t\t\t<ul id=\"menu-2-53035bb\" class=\"elementor-nav-menu\"><li class=\"menu-item menu-item-type-post_type menu-item-object-page menu-item-12285\"><a href=\"https:\/\/www.engagement.fr\/en\/programme-campus-condorcet-2025\/\" class=\"elementor-item\" tabindex=\"-1\">Le programme<\/a><\/li>\n<li class=\"menu-item menu-item-type-post_type menu-item-object-page menu-item-12286\"><a href=\"https:\/\/www.engagement.fr\/en\/ateliers-campus-condorcet-2025\/\" class=\"elementor-item\" tabindex=\"-1\">Nos ateliers<\/a><\/li>\n<li class=\"menu-item menu-item-type-post_type menu-item-object-page menu-item-12292\"><a href=\"https:\/\/www.engagement.fr\/en\/nos-conferenciers-campus-condorcet-2025\/\" class=\"elementor-item\" tabindex=\"-1\">Nos conf\u00e9renciers<\/a><\/li>\n<li class=\"menu-item menu-item-type-post_type menu-item-object-page menu-item-12301\"><a href=\"https:\/\/www.engagement.fr\/en\/nos-partenaires-campus-condorcet-2025\/\" class=\"elementor-item\" tabindex=\"-1\">Nos partenaires<\/a><\/li>\n<li class=\"menu-item menu-item-type-post_type menu-item-object-page menu-item-12307\"><a href=\"https:\/\/www.engagement.fr\/en\/informations-pratiques-campus-condorcet-2025\/\" class=\"elementor-item\" tabindex=\"-1\">Informations pratiques<\/a><\/li>\n<\/ul>\t\t\t<\/nav>\n\t\t\t\t\t\t<\/div>\n\t\t\t\t<\/div>\n\t\t\t\t\t<\/div>\n\t\t\t\t<\/div>\n\t\t<div class=\"elementor-element elementor-element-de46fb2 e-flex e-con-boxed e-con e-parent\" data-id=\"de46fb2\" data-element_type=\"container\" data-e-type=\"container\" data-settings=\"{&quot;background_background&quot;:&quot;classic&quot;}\">\n\t\t\t\t\t<div class=\"e-con-inner\">\n\t\t<div class=\"elementor-element elementor-element-6519fdc e-con-full e-flex e-con e-child\" data-id=\"6519fdc\" data-element_type=\"container\" data-e-type=\"container\">\n\t\t\t\t<div class=\"elementor-element elementor-element-21c0e07 elementor-widget elementor-widget-heading\" data-id=\"21c0e07\" data-element_type=\"widget\" data-e-type=\"widget\" data-widget_type=\"heading.default\">\n\t\t\t\t<div class=\"elementor-widget-container\">\n\t\t\t\t\t<h2 class=\"elementor-heading-title elementor-size-default\">Adresse de l'\u00e9v\u00e9nement<\/h2>\t\t\t\t<\/div>\n\t\t\t\t<\/div>\n\t\t\t\t<div class=\"elementor-element elementor-element-f19e9ca elementor-widget elementor-widget-heading\" data-id=\"f19e9ca\" data-element_type=\"widget\" data-e-type=\"widget\" data-widget_type=\"heading.default\">\n\t\t\t\t<div class=\"elementor-widget-container\">\n\t\t\t\t\t<h2 class=\"elementor-heading-title elementor-size-default\">Campus Condorcet, 8 cours des Humanit\u00e9s, 93300 Aubervilliers, m\u00e9tro Front Populaire.<\/h2>\t\t\t\t<\/div>\n\t\t\t\t<\/div>\n\t\t\t\t<div class=\"elementor-element elementor-element-5c06c71 elementor-widget elementor-widget-spacer\" data-id=\"5c06c71\" data-element_type=\"widget\" data-e-type=\"widget\" data-widget_type=\"spacer.default\">\n\t\t\t\t<div class=\"elementor-widget-container\">\n\t\t\t\t\t\t\t<div class=\"elementor-spacer\">\n\t\t\t<div class=\"elementor-spacer-inner\"><\/div>\n\t\t<\/div>\n\t\t\t\t\t\t<\/div>\n\t\t\t\t<\/div>\n\t\t\t\t<div class=\"elementor-element elementor-element-3140ff1 elementor-widget elementor-widget-heading\" data-id=\"3140ff1\" data-element_type=\"widget\" data-e-type=\"widget\" data-widget_type=\"heading.default\">\n\t\t\t\t<div class=\"elementor-widget-container\">\n\t\t\t\t\t<h2 class=\"elementor-heading-title elementor-size-default\">Pour toute information<\/h2>\t\t\t\t<\/div>\n\t\t\t\t<\/div>\n\t\t\t\t<div class=\"elementor-element elementor-element-fd4da3b elementor-widget elementor-widget-heading\" data-id=\"fd4da3b\" data-element_type=\"widget\" data-e-type=\"widget\" data-widget_type=\"heading.default\">\n\t\t\t\t<div class=\"elementor-widget-container\">\n\t\t\t\t\t<h2 class=\"elementor-heading-title elementor-size-default\">Une \u00e9quipe sera pr\u00e9sente pour vous renseigner, pendant toute la dur\u00e9e de l'\u00e9v\u00e9nement, au bureau du Centre des Colloques.<\/h2>\t\t\t\t<\/div>\n\t\t\t\t<\/div>\n\t\t\t\t<div class=\"elementor-element elementor-element-003903f elementor-widget elementor-widget-spacer\" data-id=\"003903f\" data-element_type=\"widget\" data-e-type=\"widget\" data-widget_type=\"spacer.default\">\n\t\t\t\t<div class=\"elementor-widget-container\">\n\t\t\t\t\t\t\t<div class=\"elementor-spacer\">\n\t\t\t<div class=\"elementor-spacer-inner\"><\/div>\n\t\t<\/div>\n\t\t\t\t\t\t<\/div>\n\t\t\t\t<\/div>\n\t\t\t\t<div class=\"elementor-element elementor-element-35f7f3e elementor-widget elementor-widget-heading\" data-id=\"35f7f3e\" data-element_type=\"widget\" data-e-type=\"widget\" data-widget_type=\"heading.default\">\n\t\t\t\t<div class=\"elementor-widget-container\">\n\t\t\t\t\t<h2 class=\"elementor-heading-title elementor-size-default\">Personnes \u00e0 contacter en cas d'urgence<\/h2>\t\t\t\t<\/div>\n\t\t\t\t<\/div>\n\t\t\t\t<div class=\"elementor-element elementor-element-5d62da3 elementor-widget elementor-widget-heading\" data-id=\"5d62da3\" data-element_type=\"widget\" data-e-type=\"widget\" data-widget_type=\"heading.default\">\n\t\t\t\t<div class=\"elementor-widget-container\">\n\t\t\t\t\t<h2 class=\"elementor-heading-title elementor-size-default\">Camille Fournier-R\u00e9al : 07 78 24 22 79<\/h2>\t\t\t\t<\/div>\n\t\t\t\t<\/div>\n\t\t\t\t<div class=\"elementor-element elementor-element-7040214 elementor-widget elementor-widget-heading\" data-id=\"7040214\" data-element_type=\"widget\" data-e-type=\"widget\" data-widget_type=\"heading.default\">\n\t\t\t\t<div class=\"elementor-widget-container\">\n\t\t\t\t\t<h2 class=\"elementor-heading-title elementor-size-default\">Blandine Ferreira : 07 63 05 14 33<\/h2>\t\t\t\t<\/div>\n\t\t\t\t<\/div>\n\t\t\t\t<\/div>\n\t\t\t\t\t<\/div>\n\t\t\t\t<\/div>\n\t\t\t\t<\/div>\n\t\t","protected":false},"excerpt":{"rendered":"<p>Campus de l\u2019Engagement d&rsquo;hiver le jeudi 13 f\u00e9vrier 2025 \u00e0 Aubervilliers Informations pratiques Adresse de l&rsquo;\u00e9v\u00e9nement Campus Condorcet, 8 cours des Humanit\u00e9s, 93300 Aubervilliers, m\u00e9tro Front Populaire. Pour toute information [&hellip;]<\/p>\n","protected":false},"author":6,"featured_media":0,"parent":0,"menu_order":0,"comment_status":"closed","ping_status":"closed","template":"elementor_header_footer","meta":{"footnotes":""},"class_list":["post-12302","page","type-page","status-publish","hentry"],"yoast_head":"<!-- This site is optimized with the Yoast SEO plugin v27.5 - https:\/\/yoast.com\/product\/yoast-seo-wordpress\/ -->\n<title>Informations Pratiques - Campus Condorcet 2025 - Institut de l&#039;Engagement<\/title>\n<meta name=\"robots\" content=\"index, follow, max-snippet:-1, max-image-preview:large, max-video-preview:-1\" \/>\n<link rel=\"canonical\" href=\"https:\/\/www.engagement.fr\/en\/practical-information-campus-condorcet-2025\/\" \/>\n<meta property=\"og:locale\" content=\"en_GB\" \/>\n<meta property=\"og:type\" content=\"article\" \/>\n<meta property=\"og:title\" content=\"Informations Pratiques - Campus Condorcet 2025 - Institut de l&#039;Engagement\" \/>\n<meta property=\"og:description\" content=\"Campus de l\u2019Engagement d&rsquo;hiver le jeudi 13 f\u00e9vrier 2025 \u00e0 Aubervilliers Informations pratiques Adresse de l&rsquo;\u00e9v\u00e9nement Campus Condorcet, 8 cours des Humanit\u00e9s, 93300 Aubervilliers, m\u00e9tro Front Populaire. Pour toute information [&hellip;]\" \/>\n<meta property=\"og:url\" content=\"https:\/\/www.engagement.fr\/en\/practical-information-campus-condorcet-2025\/\" \/>\n<meta property=\"og:site_name\" content=\"Institut de l&#039;Engagement\" \/>\n<meta property=\"article:publisher\" content=\"https:\/\/www.facebook.com\/Institut.Engagement\" \/>\n<meta property=\"article:modified_time\" content=\"2025-01-31T17:43:30+00:00\" \/>\n<meta name=\"twitter:card\" content=\"summary_large_image\" \/>\n<meta name=\"twitter:site\" content=\"@i_engagement\" \/>\n<meta name=\"twitter:label1\" content=\"Estimated reading time\" \/>\n\t<meta name=\"twitter:data1\" content=\"1 minute\" \/>\n<script type=\"application\/ld+json\" class=\"yoast-schema-graph\">{\"@context\":\"https:\\\/\\\/schema.org\",\"@graph\":[{\"@type\":\"WebPage\",\"@id\":\"https:\\\/\\\/www.engagement.fr\\\/informations-pratiques-campus-condorcet-2025\\\/\",\"url\":\"https:\\\/\\\/www.engagement.fr\\\/informations-pratiques-campus-condorcet-2025\\\/\",\"name\":\"Informations Pratiques - Campus Condorcet 2025 - Institut de l&#039;Engagement\",\"isPartOf\":{\"@id\":\"https:\\\/\\\/www.engagement.fr\\\/#website\"},\"datePublished\":\"2025-01-29T16:54:28+00:00\",\"dateModified\":\"2025-01-31T17:43:30+00:00\",\"breadcrumb\":{\"@id\":\"https:\\\/\\\/www.engagement.fr\\\/informations-pratiques-campus-condorcet-2025\\\/#breadcrumb\"},\"inLanguage\":\"en-GB\",\"potentialAction\":[{\"@type\":\"ReadAction\",\"target\":[\"https:\\\/\\\/www.engagement.fr\\\/informations-pratiques-campus-condorcet-2025\\\/\"]}]},{\"@type\":\"BreadcrumbList\",\"@id\":\"https:\\\/\\\/www.engagement.fr\\\/informations-pratiques-campus-condorcet-2025\\\/#breadcrumb\",\"itemListElement\":[{\"@type\":\"ListItem\",\"position\":1,\"name\":\"Accueil\",\"item\":\"https:\\\/\\\/www.engagement.fr\\\/\"},{\"@type\":\"ListItem\",\"position\":2,\"name\":\"Informations Pratiques &#8211; Campus Condorcet 2025\"}]},{\"@type\":\"WebSite\",\"@id\":\"https:\\\/\\\/www.engagement.fr\\\/#website\",\"url\":\"https:\\\/\\\/www.engagement.fr\\\/\",\"name\":\"Institut de l'Engagement\",\"description\":\"\",\"publisher\":{\"@id\":\"https:\\\/\\\/www.engagement.fr\\\/#organization\"},\"potentialAction\":[{\"@type\":\"SearchAction\",\"target\":{\"@type\":\"EntryPoint\",\"urlTemplate\":\"https:\\\/\\\/www.engagement.fr\\\/?s={search_term_string}\"},\"query-input\":{\"@type\":\"PropertyValueSpecification\",\"valueRequired\":true,\"valueName\":\"search_term_string\"}}],\"inLanguage\":\"en-GB\"},{\"@type\":\"Organization\",\"@id\":\"https:\\\/\\\/www.engagement.fr\\\/#organization\",\"name\":\"Institut de l'Engagement\",\"url\":\"https:\\\/\\\/www.engagement.fr\\\/\",\"logo\":{\"@type\":\"ImageObject\",\"inLanguage\":\"en-GB\",\"@id\":\"https:\\\/\\\/www.engagement.fr\\\/#\\\/schema\\\/logo\\\/image\\\/\",\"url\":\"https:\\\/\\\/www.engagement.fr\\\/wp-content\\\/uploads\\\/2024\\\/06\\\/Institut-de-lEngagement-Principal-Horizontal.png\",\"contentUrl\":\"https:\\\/\\\/www.engagement.fr\\\/wp-content\\\/uploads\\\/2024\\\/06\\\/Institut-de-lEngagement-Principal-Horizontal.png\",\"width\":3066,\"height\":646,\"caption\":\"Institut de l'Engagement\"},\"image\":{\"@id\":\"https:\\\/\\\/www.engagement.fr\\\/#\\\/schema\\\/logo\\\/image\\\/\"},\"sameAs\":[\"https:\\\/\\\/www.facebook.com\\\/Institut.Engagement\",\"https:\\\/\\\/x.com\\\/i_engagement\"]}]}<\/script>\n<!-- \/ Yoast SEO plugin. -->","yoast_head_json":{"title":"Practical Information - Campus Condorcet 2025 - Institut de l'Engagement","robots":{"index":"index","follow":"follow","max-snippet":"max-snippet:-1","max-image-preview":"max-image-preview:large","max-video-preview":"max-video-preview:-1"},"canonical":"https:\/\/www.engagement.fr\/en\/practical-information-campus-condorcet-2025\/","og_locale":"en_GB","og_type":"article","og_title":"Informations Pratiques - Campus Condorcet 2025 - Institut de l&#039;Engagement","og_description":"Campus de l\u2019Engagement d&rsquo;hiver le jeudi 13 f\u00e9vrier 2025 \u00e0 Aubervilliers Informations pratiques Adresse de l&rsquo;\u00e9v\u00e9nement Campus Condorcet, 8 cours des Humanit\u00e9s, 93300 Aubervilliers, m\u00e9tro Front Populaire. Pour toute information [&hellip;]","og_url":"https:\/\/www.engagement.fr\/en\/practical-information-campus-condorcet-2025\/","og_site_name":"Institut de l&#039;Engagement","article_publisher":"https:\/\/www.facebook.com\/Institut.Engagement","article_modified_time":"2025-01-31T17:43:30+00:00","twitter_card":"summary_large_image","twitter_site":"@i_engagement","twitter_misc":{"Estimated reading time":"1 minute"},"schema":{"@context":"https:\/\/schema.org","@graph":[{"@type":"WebPage","@id":"https:\/\/www.engagement.fr\/informations-pratiques-campus-condorcet-2025\/","url":"https:\/\/www.engagement.fr\/informations-pratiques-campus-condorcet-2025\/","name":"Practical Information - Campus Condorcet 2025 - Institut de l'Engagement","isPartOf":{"@id":"https:\/\/www.engagement.fr\/#website"},"datePublished":"2025-01-29T16:54:28+00:00","dateModified":"2025-01-31T17:43:30+00:00","breadcrumb":{"@id":"https:\/\/www.engagement.fr\/informations-pratiques-campus-condorcet-2025\/#breadcrumb"},"inLanguage":"en-GB","potentialAction":[{"@type":"ReadAction","target":["https:\/\/www.engagement.fr\/informations-pratiques-campus-condorcet-2025\/"]}]},{"@type":"BreadcrumbList","@id":"https:\/\/www.engagement.fr\/informations-pratiques-campus-condorcet-2025\/#breadcrumb","itemListElement":[{"@type":"ListItem","position":1,"name":"Accueil","item":"https:\/\/www.engagement.fr\/"},{"@type":"ListItem","position":2,"name":"Informations Pratiques &#8211; Campus Condorcet 2025"}]},{"@type":"WebSite","@id":"https:\/\/www.engagement.fr\/#website","url":"https:\/\/www.engagement.fr\/","name":"Institute of Commitment","description":"","publisher":{"@id":"https:\/\/www.engagement.fr\/#organization"},"potentialAction":[{"@type":"SearchAction","target":{"@type":"EntryPoint","urlTemplate":"https:\/\/www.engagement.fr\/?s={search_term_string}"},"query-input":{"@type":"PropertyValueSpecification","valueRequired":true,"valueName":"search_term_string"}}],"inLanguage":"en-GB"},{"@type":"Organization","@id":"https:\/\/www.engagement.fr\/#organization","name":"Institute of Commitment","url":"https:\/\/www.engagement.fr\/","logo":{"@type":"ImageObject","inLanguage":"en-GB","@id":"https:\/\/www.engagement.fr\/#\/schema\/logo\/image\/","url":"https:\/\/www.engagement.fr\/wp-content\/uploads\/2024\/06\/Institut-de-lEngagement-Principal-Horizontal.png","contentUrl":"https:\/\/www.engagement.fr\/wp-content\/uploads\/2024\/06\/Institut-de-lEngagement-Principal-Horizontal.png","width":3066,"height":646,"caption":"Institut de l'Engagement"},"image":{"@id":"https:\/\/www.engagement.fr\/#\/schema\/logo\/image\/"},"sameAs":["https:\/\/www.facebook.com\/Institut.Engagement","https:\/\/x.com\/i_engagement"]}]}},"_links":{"self":[{"href":"https:\/\/www.engagement.fr\/en\/wp-json\/wp\/v2\/pages\/12302","targetHints":{"allow":["GET"]}}],"collection":[{"href":"https:\/\/www.engagement.fr\/en\/wp-json\/wp\/v2\/pages"}],"about":[{"href":"https:\/\/www.engagement.fr\/en\/wp-json\/wp\/v2\/types\/page"}],"author":[{"embeddable":true,"href":"https:\/\/www.engagement.fr\/en\/wp-json\/wp\/v2\/users\/6"}],"replies":[{"embeddable":true,"href":"https:\/\/www.engagement.fr\/en\/wp-json\/wp\/v2\/comments?post=12302"}],"version-history":[{"count":16,"href":"https:\/\/www.engagement.fr\/en\/wp-json\/wp\/v2\/pages\/12302\/revisions"}],"predecessor-version":[{"id":12724,"href":"https:\/\/www.engagement.fr\/en\/wp-json\/wp\/v2\/pages\/12302\/revisions\/12724"}],"wp:attachment":[{"href":"https:\/\/www.engagement.fr\/en\/wp-json\/wp\/v2\/media?parent=12302"}],"curies":[{"name":"wp","href":"https:\/\/api.w.org\/{rel}","templated":true}]}}